{"id":622,"date":"2011-10-17T09:28:12","date_gmt":"2011-10-17T09:28:12","guid":{"rendered":"http:\/\/www.afadoc.it\/wp22\/?page_id=622"},"modified":"2024-04-08T17:19:32","modified_gmt":"2024-04-08T15:19:32","slug":"statuto","status":"publish","type":"page","link":"https:\/\/www.afadoc.it\/wp22\/?page_id=622","title":{"rendered":"Statuto"},"content":{"rendered":"<div class=\"page\" title=\"Page 1\">\n<div class=\"layoutArea\">\n<div>\n<table border=\"0\" width=\"100%\" cellspacing=\"0\" cellpadding=\"8\">\n<tbody>\n<tr>\n<td valign=\"TOP\" bgcolor=\"#ffffff\" width=\"739\">\n<p align=\"CENTER\"><span style=\"font-family: Calibri, serif;\"><span style=\"font-size: large;\"><b>STATUTO A.Fa.D.O.C. APS<\/b><\/span><\/span><\/p>\n<\/td>\n<\/tr>\n<tr>\n<td valign=\"TOP\" bgcolor=\"#ffffff\" width=\"739\">\n<p align=\"CENTER\"><span style=\"color: #000000;\"><span style=\"font-size: small;\"><span style=\"font-family: Calibri, serif;\"><b>ART. 1<\/b><\/span><\/span><\/span><\/p>\n<p align=\"CENTER\"><span style=\"color: #000000;\"><span style=\"font-size: small;\"><span style=\"font-family: Calibri, serif;\"><b>(Denominazione e sede)<\/b><\/span><\/span><\/span><\/p>\n<p align=\"JUSTIFY\"><span style=\"color: #000000;\"><span style=\"font-size: small;\"><span style=\"font-family: Calibri, serif;\">E\u2019 costituito, nel rispetto del D. Lgs. 117\/2017, del Codice Civile e della normativa in materia, l\u2019Ente del Terzo Settore denominato: &lt;&lt; A.Fa.D.O.C. APS &#8211; Associazione Famiglie Deficit Ormone della Crescita ed altre patologie rare &gt;&gt; che assume la forma giuridica di associazione non riconosciuta, apartitica e aconfessionale. <\/span><\/span><\/span><\/p>\n<p align=\"JUSTIFY\"><span style=\"color: #000000;\"><span style=\"font-size: small;\"><span style=\"font-family: Calibri, serif;\">L\u2019Associazione ha sede legale in via F. Vigna n.3, nel comune di Vicenza.<\/span><\/span><\/span><\/p>\n<p align=\"JUSTIFY\"><span style=\"color: #000000;\"><span style=\"font-size: small;\"><span style=\"font-family: Calibri, serif;\">Il trasferimento della sede legale non comporta modifica statutaria, ma l\u2019obbligo di comunicazione agli uffici competenti.<\/span><\/span><\/span><\/p>\n<\/td>\n<\/tr>\n<tr>\n<td valign=\"TOP\" bgcolor=\"#ffffff\" width=\"739\">\n<p align=\"CENTER\"><span style=\"color: #000000;\"><span style=\"font-size: small;\"><span style=\"font-family: Calibri, serif;\"><b>ART. 2<\/b><\/span><\/span><\/span><\/p>\n<p align=\"CENTER\"><span style=\"color: #000000;\"><span style=\"font-size: small;\"><span style=\"font-family: Calibri, serif;\"><b>(Statuto)<\/b><\/span><\/span><\/span><\/p>\n<p align=\"JUSTIFY\"><span style=\"color: #000000;\"><span style=\"font-size: small;\"><span style=\"font-family: Calibri, serif;\">L\u2019Associazione di promozione sociale \u00e8 disciplinata dal presente Statuto, ed agisce nel rispetto del Decreto Legislativo 3 luglio 2017 n. 117 e s.m.i., delle relative norme di attuazione, della legge regionale e dei principi generali dell\u2019ordinamento giuridico.<\/span><\/span><\/span><\/p>\n<p align=\"JUSTIFY\"><span style=\"color: #000000;\"><span style=\"font-size: small;\"><span style=\"font-family: Calibri, serif;\">L\u2019assemblea pu\u00f2 deliberare l\u2019eventuale regolamento di esecuzione dello Statuto per la disciplina degli aspetti organizzativi pi\u00f9 particolari.<\/span><\/span><\/span><\/p>\n<\/td>\n<\/tr>\n<tr>\n<td valign=\"TOP\" bgcolor=\"#ffffff\" width=\"739\">\n<p align=\"CENTER\"><span style=\"color: #000000;\"><span style=\"font-size: small;\"><span style=\"font-family: Calibri, serif;\"><b>ART. 3<\/b><\/span><\/span><\/span><\/p>\n<p align=\"CENTER\"><span style=\"color: #000000;\"><span style=\"font-size: small;\"><span style=\"font-family: Calibri, serif;\"><b>(Efficacia dello Statuto)<\/b><\/span><\/span><\/span><\/p>\n<p align=\"JUSTIFY\"><span style=\"color: #000000;\"><span style=\"font-size: small;\"><span style=\"font-family: Calibri, serif;\">Lo Statuto vincola alla sua osservanza gli associati all\u2019Associazione; esso costituisce la regola fondamentale di comportamento dell\u2019attivit\u00e0 della Associazione stessa.<\/span><\/span><\/span><\/p>\n<\/td>\n<\/tr>\n<tr>\n<td valign=\"TOP\" bgcolor=\"#ffffff\" width=\"739\">\n<p align=\"CENTER\"><span style=\"color: #000000;\"><span style=\"font-size: small;\"><span style=\"font-family: Calibri, serif;\"><b>ART. 4<\/b><\/span><\/span><\/span><\/p>\n<p align=\"CENTER\"><span style=\"color: #000000;\"><span style=\"font-size: small;\"><span style=\"font-family: Calibri, serif;\"><b>(Interpretazione dello Statuto)<\/b><\/span><\/span><\/span><\/p>\n<p align=\"JUSTIFY\"><span style=\"color: #000000;\"><span style=\"font-size: small;\"><span style=\"font-family: Calibri, serif;\">Lo Statuto \u00e8 valutato secondo le regole dei contratti e secondo i criteri dell\u2019articolo 12 delle preleggi al codice civile.<\/span><\/span><\/span><\/p>\n<\/td>\n<\/tr>\n<tr>\n<td valign=\"TOP\" bgcolor=\"#ffffff\" width=\"739\">\n<p align=\"CENTER\"><span style=\"color: #000000;\"><span style=\"font-size: small;\"><span style=\"font-family: Calibri, serif;\"><b>ART. 5<\/b><\/span><\/span><\/span><\/p>\n<p align=\"CENTER\"><span style=\"color: #000000;\"><span style=\"font-size: small;\"><span style=\"font-family: Calibri, serif;\"><b>(Finalit\u00e0 e Attivit\u00e0)<\/b><\/span><\/span><\/span><\/p>\n<p align=\"JUSTIFY\"><span style=\"color: #000000;\"><span style=\"font-size: small;\"><span style=\"font-family: Calibri, serif;\">A.Fa.D.O.C. APS si occupa di patologie croniche e rare caratterizzate da problemi di accrescimento il cui denominatore comune \u00e8 il deficit o il trattamento con ormone della crescita. Le maggiormente rappresentate sono: Deficit isolato di GH, Deficit multiplo (Panipopituitarismo), SGA\/IUGR, Anomalie del gene SHOX, Sindrome di Turner, Sindromi genetiche con bassa statura.<\/span><\/span><\/span><\/p>\n<p align=\"JUSTIFY\"><span style=\"color: #000000;\"><span style=\"font-size: small;\"><span style=\"font-family: Calibri, serif;\">L\u2019Associazione esercita in via esclusiva o principale una o pi\u00f9 attivit\u00e0 di interesse generale per il perseguimento, senza scopo di lucro, di finalit\u00e0 civiche, solidaristiche e di utilit\u00e0 sociale inerenti alle patologie croniche e rare caratterizzate da problemi di accrescimento il cui denominatore comune \u00e8 il deficit o il trattamento con ormone della crescita.<\/span><\/span><\/span><\/p>\n<p align=\"JUSTIFY\"><span style=\"color: #000000;\"><span style=\"font-size: small;\"><span style=\"font-family: Calibri, serif;\">Le attivit\u00e0 che si propone di svolgere in favore dei propri associati, dei loro familiari o di terzi, avvalendosi in modo prevalente delle attivit\u00e0 di volontariato dei propri associati, sono ai sensi dell\u2019art.5 D.Lgs.117\/2017: <\/span><\/span><\/span><\/p>\n<p align=\"JUSTIFY\"><span style=\"color: #000000;\"><span style=\"font-size: small;\"><span style=\"font-family: Calibri, serif;\"><b>Lettera a) <\/b><\/span><span style=\"font-family: Calibri, serif;\">interventi e servizi sociali ai sensi dell&#8217;articolo 1, commi 1 e 2, della legge 8 novembre 2000, n. 328, e successive modificazioni, e interventi, servizi e prestazioni di cui alla legge 5 febbraio 1992, n. 104, e alla legge 22 giugno 2016, n. 112, e successive modificazioni;<\/span><\/span><\/span><\/p>\n<p align=\"JUSTIFY\"><span style=\"color: #000000;\"><span style=\"font-size: small;\"><span style=\"font-family: Calibri, serif;\"><b>Lettera b) <\/b><\/span><span style=\"font-family: Calibri, serif;\">interventi e prestazioni sanitarie;<\/span><\/span><\/span><\/p>\n<p align=\"JUSTIFY\"><span style=\"color: #000000;\"><span style=\"font-size: small;\"><span style=\"font-family: Calibri, serif;\"><b>Lettera d)<\/b><\/span><span style=\"font-family: Calibri, serif;\"> educazione, istruzione e formazione professionale, ai sensi della legge 28 marzo 2003, n. 53, e successive modificazioni, nonch\u00e9 le attivit\u00e0 culturali di interesse sociale con finalit\u00e0 educativa;<\/span><\/span><\/span><\/p>\n<p align=\"JUSTIFY\">\n<p align=\"JUSTIFY\"><span style=\"color: #000000;\"><span style=\"font-size: small;\"><span style=\"font-family: Calibri, serif;\"><b>Lettera c) <\/b><\/span><span style=\"font-family: Calibri, serif;\">prestazioni socio-sanitarie di cui al decreto del Presidente del Consiglio dei ministri 14 febbraio 2001, pubblicato nella Gazzetta Ufficiale n. 129 del 6 giugno 2001, e successive modificazioni; <\/span><\/span><\/span><\/p>\n<p align=\"JUSTIFY\"><span style=\"color: #000000;\"><span style=\"font-size: small;\"><span style=\"font-family: Calibri, serif;\"><b>Lettera w)<\/b><\/span><span style=\"font-family: Calibri, serif;\"> promozione e tutela dei diritti umani, civili, sociali e politici, nonch\u00e9 dei diritti dei consumatori e degli utenti delle attivit\u00e0 di interesse generale di cui al presente articolo, promozione delle pari opportunit\u00e0 e delle iniziative di aiuto reciproco;<\/span><\/span><\/span><\/p>\n<p align=\"JUSTIFY\"><span style=\"color: #000000;\"><span style=\"font-size: small;\"><span style=\"font-family: Calibri, serif;\"><b>Lettera i)<\/b><\/span><span style=\"font-family: Calibri, serif;\"> organizzazione e gestione di attivit\u00e0 culturali, artistiche o ricreative di interesse sociale, incluse attivit\u00e0, anche editoriali, di promozione e diffusione della cultura e della pratica del volontariato e delle attivit\u00e0 di interesse generale di cui al presente articolo;<\/span><\/span><\/span><\/p>\n<p align=\"JUSTIFY\"><span style=\"color: #000000;\"><span style=\"font-size: small;\"><span style=\"font-family: Calibri, serif;\"><b>Lettera h)<\/b><\/span><span style=\"font-family: Calibri, serif;\"> ricerca scientifica di particolare interesse sociale.<\/span><\/span><\/span><\/p>\n<p align=\"JUSTIFY\"><span style=\"color: #000000;\"><span style=\"font-size: small;\"><span style=\"font-family: Calibri, serif;\"><b>A titolo esemplificativo ma non esaustivo le azioni si concretizzeranno in:<\/b><\/span><\/span><\/span><\/p>\n<p><span style=\"color: #000000;\"><span style=\"font-size: small;\"><span style=\"font-family: Calibri, serif;\"><b>Lettera a) <\/b><\/span><span style=\"font-family: Calibri, serif;\">prima accoglienza e informazione alle famiglie alla diagnosi di una delle problematiche di cui si occupa l\u2019Associazione, con relativo supporto psicologico, invio ai principali centri di cura italiani specializzati e consulenze per riconoscimento invalidit\u00e0;<\/span><\/span><\/span><\/p>\n<p><span style=\"color: #000000;\"><span style=\"font-size: small;\"><span style=\"font-family: Calibri, serif;\"><b>Lettera b) <\/b><\/span><span style=\"font-family: Calibri, serif;\">colloqui psicologico-clinici, colloqui di valutazione psicodiagnostica, colloqui di sostegno psicologico alle famiglie con diagnosi di problematiche di cui si occupa l\u2019Associazione; <\/span><\/span><\/span><\/p>\n<p><span style=\"color: #000000;\"><span style=\"font-size: small;\"><span style=\"font-family: Calibri, serif;\"><b>Lettera d) <\/b><\/span><span style=\"font-family: Calibri, serif;\">organizzazione di workshop, congressi, convegni rivolti a medici e personale socio-sanitario. Organizzazione di incontri divulgativi di sensibilizzazione, di informazione rivolti alle famiglie relativamente a tematiche specifiche sulle condizioni di cui si occupa l\u2019Associazione e a tematiche di interesse sociale. Realizzazione di campagne di sensibilizzazione a livello nazionale;<\/span><\/span><\/span><\/p>\n<p><span style=\"color: #000000;\"><span style=\"font-size: small;\"><span style=\"font-family: Calibri, serif;\"><b>Lettera c) <\/b><\/span><span style=\"font-family: Calibri, serif;\">organizzazione di campi scuola residenziali rivolti a bambini e adolescenti con patologie di cui si occupa l\u2019Associazione, che prevedono laboratori psicoeducativi di promozione delle life skills e attivit\u00e0 varie di gruppo; organizzazione di incontri di gruppo rivolti ai genitori e a pazienti adulti con patologie di cui si occupa l\u2019Associazione;<\/span><\/span><\/span><\/p>\n<p><span style=\"color: #000000;\"><span style=\"font-size: small;\"><span style=\"font-family: Calibri, serif;\"><b>Lettera w) <\/b><\/span><span style=\"font-family: Calibri, serif;\">iniziative di tutela e salvaguardia dei diritti alla salute, alla cura e alle terapie appropriate dei pazienti, relativamente alle patologie di cui si occupa l\u2019Associazione;<\/span><\/span><\/span><\/p>\n<p><span style=\"color: #000000;\"><span style=\"font-size: small;\"><span style=\"font-family: Calibri, serif;\"><b>Lettera i) <\/b><\/span><span style=\"font-family: Calibri, serif;\">produzione di materiale scientifico divulgativo sulle diagnosi di cui si occupa l\u2019Associazione (manuali per le famiglie), di riviste periodiche (newsletter, notiziario); divulgazione di informazioni medico scientifiche e iniziative promosse dall\u2019Associazione attraverso utilizzi mediatici (sito internet, piattaforme sociali); organizzazione di concorsi rivolti alle scuole di ogni ordine e grado per sensibilizzare sulle tematiche di cui si occupa l\u2019Associazione che prevedono l\u2019esecuzione di materiale artistico oggetto di premiazione finale;<\/span><\/span><\/span><\/p>\n<p><span style=\"color: #000000;\"><span style=\"font-size: small;\"><span style=\"font-family: Calibri, serif;\"><b>Lettera h) <\/b><\/span><span style=\"font-family: Calibri, serif;\">attivazione e realizzazione di progetti di ricerca scientifica sulle problematiche di cui si occupa l\u2019Associazione; partecipazione a progetti di ricerca scientifica di terzi, di interesse dell\u2019Associazione.<\/span><\/span><\/span><\/p>\n<p align=\"JUSTIFY\"><span style=\"color: #000000;\"><span style=\"font-size: small;\"><span style=\"font-family: Calibri, serif;\">L\u2019Associazione pu\u00f2 esercitare, a norma dell\u2019art. 6 del Codice del Terzo settore, attivit\u00e0 diverse da quelle di interesse generale, secondarie e strumentali rispetto a queste ultime, secondo criteri e limiti definiti con apposito Decreto ministeriale. La loro individuazione \u00e8 operata da parte del Consiglio Direttivo.<\/span><\/span><\/span><\/p>\n<p align=\"JUSTIFY\"><span style=\"color: #000000;\"><span style=\"font-size: small;\"><span style=\"font-family: Calibri, serif;\">L\u2019Associazione pu\u00f2 inoltre realizzare attivit\u00e0 di raccolta fondi, nel rispetto dei principi di verit\u00e0, trasparenza e correttezza con i sostenitori e con il pubblico, in conformit\u00e0 alle disposizioni contenute nell\u2019articolo 7 del D. Lgs. 117\/17.<\/span><\/span><\/span><\/p>\n<\/td>\n<\/tr>\n<tr>\n<td valign=\"TOP\" bgcolor=\"#ffffff\" width=\"739\">\n<p align=\"CENTER\"><span style=\"color: #000000;\"><span style=\"font-size: small;\"><span style=\"font-family: Calibri, serif;\"><b>ART. 6<\/b><\/span><\/span><\/span><\/p>\n<p align=\"CENTER\"><span style=\"color: #000000;\"><span style=\"font-size: small;\"><span style=\"font-family: Calibri, serif;\"><b>(Ammissione)<\/b><\/span><\/span><\/span><\/p>\n<p align=\"JUSTIFY\"><span style=\"color: #000000;\"><span style=\"font-size: small;\"><span style=\"font-family: Calibri, serif;\">Sono associati dell\u2019Associazione le persone fisiche che condividono le finalit\u00e0 e scopi associativi e si impegnano per realizzare le attivit\u00e0 di interesse generale.<\/span><\/span><\/span><\/p>\n<p align=\"JUSTIFY\"><span style=\"color: #000000;\"><span style=\"font-size: small;\"><span style=\"font-family: Calibri, serif;\">L\u2019ammissione all\u2019Associazione \u00e8 deliberata dal Consiglio Direttivo su domanda dell&#8217;interessato, secondo criteri non discriminatori, coerenti con le finalit\u00e0 perseguite e le attivit\u00e0 di interesse generale. La deliberazione \u00e8 comunicata all&#8217;interessato e annotata nel libro degli associati. <\/span><\/span><\/span><\/p>\n<p align=\"JUSTIFY\"><span style=\"color: #000000;\"><span style=\"font-size: small;\"><span style=\"font-family: Calibri, serif;\">In caso di rigetto della domanda, il Consiglio Direttivo comunica la decisione all\u2019interessato entro 60 giorni motivandola. <\/span><\/span><\/span><\/p>\n<p align=\"JUSTIFY\"><span style=\"color: #000000;\"><span style=\"font-size: small;\"><span style=\"font-family: Calibri, serif;\">L\u2019ammissione \u00e8 a tempo indeterminato, fermo restando il diritto di recesso. <\/span><\/span><\/span><\/p>\n<p align=\"JUSTIFY\"><span style=\"color: #000000;\"><span style=\"font-size: small;\"><span style=\"font-family: Calibri, serif;\">Non \u00e8 ammessa la categoria di associati temporanei.<\/span><\/span><\/span><\/p>\n<p align=\"JUSTIFY\"><span style=\"color: #000000;\"><span style=\"font-size: small;\"><span style=\"font-family: Calibri, serif;\">La quota sociale \u00e8 intrasmissibile, non rimborsabile e non rivalutabile.<\/span><\/span><\/span><\/p>\n<\/td>\n<\/tr>\n<tr>\n<td valign=\"TOP\" bgcolor=\"#ffffff\" width=\"739\">\n<p align=\"CENTER\"><span style=\"color: #000000;\"><span style=\"font-size: small;\"><span style=\"font-family: Calibri, serif;\"><b>ART. 7<\/b><\/span><\/span><\/span><\/p>\n<p align=\"CENTER\"><span style=\"color: #000000;\"><span style=\"font-size: small;\"><span style=\"font-family: Calibri, serif;\"><b>(Diritti e doveri degli associati)<\/b><\/span><\/span><\/span><\/p>\n<p align=\"JUSTIFY\"><span style=\"color: #000000;\"><span style=\"font-size: small;\"><span style=\"font-family: Calibri, serif;\">Gli associati hanno pari diritti e doveri.<\/span><\/span><\/span><\/p>\n<p align=\"JUSTIFY\"><span style=\"color: #000000;\"><span style=\"font-size: small;\"><span style=\"font-family: Calibri, serif;\">Hanno diritto di:<\/span><\/span><\/span><\/p>\n<ul>\n<li>\n<p align=\"JUSTIFY\"><span style=\"color: #000000;\"><span style=\"font-size: small;\"><span style=\"font-family: Calibri, serif;\">eleggere gli organi sociali e essere eletti negli stessi;<\/span><\/span><\/span><\/p>\n<\/li>\n<li>\n<p align=\"JUSTIFY\"><span style=\"color: #000000;\"><span style=\"font-size: small;\"><span style=\"font-family: Calibri, serif;\">essere informati sulle attivit\u00e0 dell\u2019Associazione e controllarne l\u2019andamento;<\/span><\/span><\/span><\/p>\n<\/li>\n<li>\n<p align=\"JUSTIFY\"><span style=\"color: #000000;\"><span style=\"font-size: small;\"><span style=\"font-family: Calibri, serif;\">prendere atto dell\u2019ordine del giorno delle assemblee;<\/span><\/span><\/span><\/p>\n<\/li>\n<li>\n<p align=\"JUSTIFY\"><span style=\"color: #000000;\"><span style=\"font-size: small;\"><span style=\"font-family: Calibri, serif;\">esaminare i libri sociali secondo le regole stabilite dal successivo art. 19;<\/span><\/span><\/span><\/p>\n<\/li>\n<li>\n<p align=\"JUSTIFY\"><span style=\"color: #000000;\"><span style=\"font-size: small;\"><span style=\"font-family: Calibri, serif;\">votare in Assemblea dal momento dell\u2019iscrizione nel libro degli associati purch\u00e9 in regola con il pagamento della quota associativa;<\/span><\/span><\/span><\/p>\n<\/li>\n<li>\n<p align=\"JUSTIFY\"><span style=\"color: #000000;\"><span style=\"font-size: small;\"><span style=\"font-family: Calibri, serif;\">denunziare i fatti che ritiene censurabili ai sensi dell\u2019art. 29 del Codice del Terzo Settore, del D.Lgs. 117\/17 e s.m.i.;<\/span><\/span><\/span><\/p>\n<\/li>\n<\/ul>\n<p align=\"JUSTIFY\"><span style=\"color: #000000;\"><span style=\"font-size: small;\"><span style=\"font-family: Calibri, serif;\">Hanno il dovere di:<\/span><\/span><\/span><\/p>\n<ul>\n<li>\n<p align=\"JUSTIFY\"><span style=\"color: #000000;\"><span style=\"font-size: small;\"><span style=\"font-family: Calibri, serif;\">rispettare il presente Statuto e l\u2019eventuale regolamento interno;<\/span><\/span><\/span><\/p>\n<\/li>\n<li>\n<p align=\"JUSTIFY\"><span style=\"color: #000000;\"><span style=\"font-size: small;\"><span style=\"font-family: Calibri, serif;\">versare la quota associativa secondo l\u2019importo, le modalit\u00e0 di versamento e i termini annualmente stabiliti dall\u2019organo competente.<\/span><\/span><\/span><\/p>\n<\/li>\n<\/ul>\n<\/td>\n<\/tr>\n<tr>\n<td valign=\"TOP\" bgcolor=\"#ffffff\" width=\"739\">\n<p align=\"CENTER\"><span style=\"color: #000000;\"><span style=\"font-size: small;\"><span style=\"font-family: Calibri, serif;\"><b>ART. 8<\/b><\/span><\/span><\/span><\/p>\n<p align=\"CENTER\"><span style=\"color: #000000;\"><span style=\"font-size: small;\"><span style=\"font-family: Calibri, serif;\"><b>(Volontario e attivit\u00e0 di volontariato)<\/b><\/span><\/span><\/span><\/p>\n<p align=\"JUSTIFY\"><span style=\"color: #000000;\"><span style=\"font-size: small;\"><span style=\"font-family: Calibri, serif;\">L\u2019associato volontario svolge la propria attivit\u00e0 in favore della comunit\u00e0 e del bene comune in modo personale, spontaneo e gratuito, senza fini di lucro, neanche indiretti ed esclusivamente per fini di solidariet\u00e0.<\/span><\/span><\/span><\/p>\n<p align=\"JUSTIFY\"><span style=\"color: #000000;\"><span style=\"font-size: small;\"><span style=\"font-family: Calibri, serif;\">La qualit\u00e0 di associato volontario \u00e8 incompatibile con qualsiasi forma di rapporto di lavoro subordinato o autonomo e con ogni altro rapporto di lavoro retribuito con l\u2019Associazione.<\/span><\/span><\/span><\/p>\n<p align=\"JUSTIFY\"><span style=\"color: #000000;\"><span style=\"font-size: small;\"><span style=\"font-family: Calibri, serif;\">L\u2019attivit\u00e0 dell\u2019associato volontario non pu\u00f2 essere retribuita in alcun modo, nemmeno dal beneficiario. All\u2019associato volontario possono essere rimborsate soltanto le spese effettivamente sostenute e documentate per l\u2019attivit\u00e0 prestata, entro i limiti e alle condizioni preventivamente stabilite dall\u2019Associazione. <\/span><\/span><\/span><\/p>\n<p align=\"JUSTIFY\"><span style=\"color: #000000;\"><span style=\"font-size: small;\"><span style=\"font-family: Calibri, serif;\">Sono vietati i rimborsi spesa di tipo forfettario.<\/span><\/span><\/span><\/p>\n<\/td>\n<\/tr>\n<tr>\n<td valign=\"TOP\" bgcolor=\"#ffffff\" width=\"739\">\n<p align=\"CENTER\"><span style=\"color: #000000;\"><span style=\"font-size: small;\"><span style=\"font-family: Calibri, serif;\"><b>ART. 9<\/b><\/span><\/span><\/span><\/p>\n<p align=\"CENTER\"><span style=\"color: #000000;\"><span style=\"font-size: small;\"><span style=\"font-family: Calibri, serif;\"><b>(Perdita della qualifica di associato)<\/b><\/span><\/span><\/span><\/p>\n<p align=\"JUSTIFY\"><span style=\"color: #000000;\"><span style=\"font-size: small;\"><span style=\"font-family: Calibri, serif;\">La qualit\u00e0 di associato si perde per morte, recesso o esclusione.<\/span><\/span><\/span><\/p>\n<p align=\"JUSTIFY\"><span style=\"color: #000000;\"><span style=\"font-size: small;\"><span style=\"font-family: Calibri, serif;\">L\u2019associato pu\u00f2 recedere dall\u2019Associazione mediante comunicazione scritta al Consiglio Direttivo.<\/span><\/span><\/span><\/p>\n<p align=\"JUSTIFY\"><span style=\"color: #000000;\"><span style=\"font-size: small;\"><span style=\"font-family: Calibri, serif;\">Decadono gli Associati che non hanno rinnovato l&#8217;adesione da pi\u00f9 di tre anni.<\/span><\/span><\/span><\/p>\n<p><span style=\"font-family: Calibri, serif;\">L&#8217;esclusione degli Associati pu\u00f2 essere deliberata dal Consiglio Direttivo per coloro che:<\/span><\/p>\n<ul>\n<li style=\"list-style-type: none;\">\n<ul>\n<li><span style=\"font-family: Calibri, serif;\">non osservino le norme dello Statuto, dei Regolamenti, e delle delibere del Consiglio;<\/span><\/li>\n<\/ul>\n<\/li>\n<\/ul>\n<ul>\n<li style=\"list-style-type: none;\">\n<ul>\n<li><span style=\"font-family: Calibri, serif;\">abbiano assunto comportamenti contrari alle finalit\u00e0 dell&#8217;Associazione, o comunque potenzialmente o effettivamente idonei a creare pregiudizio o intralcio alle attivit\u00e0 dell&#8217;Associazione stessa, o di ledere la reputazione e l&#8217;immagine dell&#8217;Associazione stessa.<\/span><\/li>\n<\/ul>\n<\/li>\n<\/ul>\n<\/td>\n<\/tr>\n<tr>\n<td valign=\"TOP\" bgcolor=\"#ffffff\" width=\"739\">\n<p align=\"CENTER\"><span style=\"color: #000000;\"><span style=\"font-size: small;\"><span style=\"font-family: Calibri, serif;\"><b>ART. 10<\/b><\/span><\/span><\/span><\/p>\n<p align=\"CENTER\"><span style=\"color: #000000;\"><span style=\"font-size: small;\"><span style=\"font-family: Calibri, serif;\"><b>(Gli Organi Sociali)<\/b><\/span><\/span><\/span><\/p>\n<p align=\"JUSTIFY\"><span style=\"color: #000000;\"><span style=\"font-size: small;\"><span style=\"font-family: Calibri, serif;\">Sono organi dell\u2019Associazione:<\/span><\/span><\/span><\/p>\n<ul>\n<li>\n<p align=\"JUSTIFY\"><span style=\"color: #000000;\"><span style=\"font-size: small;\"><span style=\"font-family: Calibri, serif;\">Assemblea degli Associati <\/span><\/span><\/span><\/p>\n<\/li>\n<li>\n<p align=\"JUSTIFY\"><span style=\"color: #000000;\"><span style=\"font-size: small;\"><span style=\"font-family: Calibri, serif;\">Consiglio Direttivo<\/span><\/span><\/span><\/p>\n<\/li>\n<li>\n<p align=\"JUSTIFY\"><span style=\"color: #000000;\"><span style=\"font-size: small;\"><span style=\"font-family: Calibri, serif;\">Presidente<\/span><\/span><\/span><\/p>\n<\/li>\n<li>\n<p align=\"JUSTIFY\"><span style=\"color: #000000;\"><span style=\"font-size: small;\"><span style=\"font-family: Calibri, serif;\">Organo di controllo, <\/span><span style=\"font-family: Calibri, serif;\">che sar\u00e0 nominato qualora ricorrano le condizioni che lo rendano obbligatorio a norma di legge<\/span><\/span><\/span><\/p>\n<\/li>\n<li>\n<p align=\"JUSTIFY\"><span style=\"color: #000000;\"><span style=\"font-size: small;\"><span style=\"font-family: Calibri, serif;\">Organo di revisione, che sar\u00e0 nominato qualora ricorrano le condizioni che lo rendano obbligatorio a norma di legge<\/span><\/span><\/span><\/p>\n<\/li>\n<\/ul>\n<\/td>\n<\/tr>\n<tr>\n<td valign=\"TOP\" bgcolor=\"#ffffff\" width=\"739\">\n<p align=\"CENTER\"><span style=\"color: #000000;\"><span style=\"font-size: small;\"><span style=\"font-family: Calibri, serif;\"><b>ART. 11<\/b><\/span><\/span><\/span><\/p>\n<p align=\"CENTER\"><span style=\"color: #000000;\"><span style=\"font-size: small;\"><span style=\"font-family: Calibri, serif;\"><b>(L\u2019Assemblea)<\/b><\/span><\/span><\/span><\/p>\n<p align=\"JUSTIFY\"><span style=\"color: #000000;\"><span style=\"font-size: small;\"><span style=\"font-family: Calibri, serif;\">L\u2019Assemblea \u00e8 composta da tutti gli associati dell\u2019Associazione iscritti nel libro degli associati e in regola con il versamento della quota sociale. E\u2019 l\u2019organo sovrano.<\/span><\/span><\/span><\/p>\n<p align=\"JUSTIFY\"><span style=\"color: #000000;\"><span style=\"font-size: small;\"><span style=\"font-family: Calibri, serif;\">L\u2019assemblea \u00e8 presieduta dal Presidente dell\u2019Associazione o, in sua assenza, dal Vicepresidente o persona nominata a Presidente dai convenuti all\u2019assemblea stessa.<\/span><\/span><\/span><\/p>\n<p align=\"JUSTIFY\"><span style=\"color: #000000;\"><span style=\"font-size: small;\"><span style=\"font-family: Calibri, serif;\">Ciascun associato ha diritto ad un voto e pu\u00f2 farsi rappresentare da un altro associato, conferendo delega scritta. Ciascun associato pu\u00f2 rappresentare sino ad un massimo di tre associati. <\/span><\/span><\/span><\/p>\n<p align=\"JUSTIFY\"><span style=\"color: #000000;\"><span style=\"font-size: small;\"><span style=\"font-family: Calibri, serif;\">E\u2019 convocata almeno una volta all\u2019anno dal Presidente dell\u2019Associazione o da chi ne fa le veci, mediante avviso scritto da inviare almeno 15 giorni prima di quello fissato per l\u2019adunanza e contenente la data della riunione, l\u2019orario, il luogo, l\u2019ordine del giorno e l\u2019eventuale data di seconda convocazione.<\/span><\/span><\/span><\/p>\n<p align=\"JUSTIFY\"><span style=\"color: #000000;\"><span style=\"font-size: small;\"><span style=\"font-family: Calibri, serif;\">Tale comunicazione pu\u00f2 avvenire a mezzo lettera o e-mail spedita al recapito risultante dal libro degli associati.<\/span><\/span><\/span><\/p>\n<p align=\"JUSTIFY\"><span style=\"color: #000000;\"><span style=\"font-size: small;\"><span style=\"font-family: Calibri, serif;\">L\u2019assemblea \u00e8 inoltre convocata a richiesta di almeno 1\/10 degli associati o quando il Consiglio Direttivo lo ritiene necessario. <\/span><\/span><\/span><\/p>\n<p align=\"JUSTIFY\"><span style=\"color: #000000;\"><span style=\"font-size: small;\"><span style=\"font-family: Calibri, serif;\">I voti sono palesi, tranne quelli riguardanti le persone.<\/span><\/span><\/span><\/p>\n<p align=\"JUSTIFY\"><span style=\"color: #000000;\"><span style=\"font-size: small;\"><span style=\"font-family: Calibri, serif;\">Delle riunioni dell\u2019assemblea \u00e8 redatto il verbale, sottoscritto dal Presidente e dal verbalizzante e conservato presso la sede dell\u2019Associazione.<\/span><\/span><\/span><\/p>\n<p align=\"JUSTIFY\"><span style=\"color: #000000;\"><span style=\"font-size: small;\"><span style=\"font-family: Calibri, serif;\">L\u2019assemblea pu\u00f2 essere ordinaria o straordinaria. E\u2019 straordinaria quella convocata per la modifica dello Statuto e lo scioglimento dell\u2019Associazione. E\u2019 ordinaria in tutti gli altri casi.<\/span><\/span><\/span><\/p>\n<\/td>\n<\/tr>\n<tr>\n<td valign=\"TOP\" bgcolor=\"#ffffff\" width=\"739\">\n<p align=\"CENTER\"><span style=\"color: #000000;\"><span style=\"font-size: small;\"><span style=\"font-family: Calibri, serif;\"><b>ART. 12<\/b><\/span><\/span><\/span><\/p>\n<p align=\"CENTER\"><span style=\"color: #000000;\"><span style=\"font-size: small;\"><span style=\"font-family: Calibri, serif;\"><b>(Compiti dell\u2019Assemblea)<\/b><\/span><\/span><\/span><\/p>\n<p><span style=\"color: #000000;\"><span style=\"font-size: small;\"><span style=\"font-family: Calibri, serif;\">L\u2019assemblea:<\/span><\/span><\/span><\/p>\n<ul>\n<li>\n<p align=\"JUSTIFY\"><span style=\"color: #000000;\"><span style=\"font-size: small;\"><span style=\"font-family: Calibri, serif;\">determina le linee generali programmatiche dell\u2019attivit\u00e0 dell\u2019Associazione;<\/span><\/span><\/span><\/p>\n<\/li>\n<li>\n<p align=\"JUSTIFY\"><span style=\"color: #000000;\"><span style=\"font-size: small;\"><span style=\"font-family: Calibri, serif;\">approva il bilancio di esercizio e l\u2019eventuale bilancio sociale, quando previsto;<\/span><\/span><\/span><\/p>\n<\/li>\n<li>\n<p align=\"JUSTIFY\"><span style=\"color: #000000;\"><span style=\"font-size: small;\"><span style=\"font-family: Calibri, serif;\">nomina e revoca i componenti degli organi sociali;<\/span><\/span><\/span><\/p>\n<\/li>\n<li>\n<p align=\"JUSTIFY\"><span style=\"color: #000000;\"><span style=\"font-size: small;\"><span style=\"font-family: Calibri, serif;\">nomina e revoca, quando previsto, il soggetto incaricato della revisione legale dei conti e l\u2019organo di controllo;<\/span><\/span><\/span><\/p>\n<\/li>\n<li>\n<p align=\"JUSTIFY\"><span style=\"color: #000000;\"><span style=\"font-size: small;\"><span style=\"font-family: Calibri, serif;\">delibera sulla responsabilit\u00e0 dei componenti degli organi sociali e promuove azione di responsabilit\u00e0 nei loro confronti;<\/span><\/span><\/span><\/p>\n<\/li>\n<li>\n<p align=\"JUSTIFY\"><span style=\"color: #000000;\"><span style=\"font-size: small;\"><span style=\"font-family: Calibri, serif;\">delibera sulle modificazioni dell&#8217;atto costitutivo o dello Statuto;<\/span><\/span><\/span><\/p>\n<\/li>\n<li>\n<p align=\"JUSTIFY\"><span style=\"color: #000000;\"><span style=\"font-size: small;\"><span style=\"font-family: Calibri, serif;\">approva l&#8217;eventuale regolamento dei lavori assembleari;<\/span><\/span><\/span><\/p>\n<\/li>\n<li>\n<p align=\"JUSTIFY\"><span style=\"color: #000000;\"><span style=\"font-size: small;\"><span style=\"font-family: Calibri, serif;\">delibera lo scioglimento, la trasformazione, la fusione o la scissione dell&#8217;Associazione;<\/span><\/span><\/span><\/p>\n<\/li>\n<li>\n<p align=\"JUSTIFY\"><span style=\"color: #000000;\"><span style=\"font-size: small;\"><span style=\"font-family: Calibri, serif;\">delibera sugli altri oggetti attribuiti dalla legge, dall&#8217;atto costitutivo o dallo Statuto alla sua competenza.<\/span><\/span><\/span><\/p>\n<\/li>\n<\/ul>\n<\/td>\n<\/tr>\n<tr>\n<td valign=\"TOP\" bgcolor=\"#ffffff\" width=\"739\"><\/td>\n<\/tr>\n<tr>\n<td valign=\"TOP\" bgcolor=\"#ffffff\" width=\"739\">\n<p align=\"CENTER\"><span style=\"color: #000000;\"><span style=\"font-size: small;\"><span style=\"font-family: Calibri, serif;\"><b>ART. 13<\/b><\/span><\/span><\/span><\/p>\n<p align=\"CENTER\"><span style=\"color: #000000;\"><span style=\"font-size: small;\"><span style=\"font-family: Calibri, serif;\"><b>(Assemblea Ordinaria)<\/b><\/span><\/span><\/span><\/p>\n<p align=\"JUSTIFY\"><span style=\"color: #000000;\"><span style=\"font-size: small;\"><span style=\"font-family: Calibri, serif;\">L\u2019assemblea ordinaria \u00e8 regolarmente costituita in prima convocazione con la presenza della met\u00e0 pi\u00f9 uno degli associati, presenti in proprio o per delega, e in seconda convocazione qualunque sia il numero degli associati presenti, in proprio o in delega.<\/span><\/span><\/span><\/p>\n<p align=\"JUSTIFY\"><span style=\"color: #000000;\"><span style=\"font-size: small;\"><span style=\"font-family: Calibri, serif;\">L\u2019assemblea delibera a maggioranza dei voti dei presenti. <\/span><\/span><\/span><\/p>\n<p align=\"JUSTIFY\"><span style=\"color: #000000;\"><span style=\"font-size: small;\"><span style=\"font-family: Calibri, serif;\">E\u2019 ammessa l\u2019espressione del voto per corrispondenza o in via elettronica, purch\u00e9 sia possibile verificare l\u2019identit\u00e0 dell\u2019associato che partecipa e vota.<\/span><\/span><\/span><\/p>\n<p align=\"JUSTIFY\"><span style=\"color: #000000;\"><span style=\"font-size: small;\"><span style=\"font-family: Calibri, serif;\">Nelle deliberazioni di approvazione del bilancio e in quelle che riguardano la loro responsabilit\u00e0, i Consiglieri non hanno diritto di voto.<\/span><\/span><\/span><\/p>\n<\/td>\n<\/tr>\n<tr>\n<td valign=\"TOP\" bgcolor=\"#ffffff\" width=\"739\">\n<p align=\"CENTER\"><span style=\"color: #000000;\"><span style=\"font-size: small;\"><span style=\"font-family: Calibri, serif;\"><b>ART. 14<\/b><\/span><\/span><\/span><\/p>\n<p align=\"CENTER\"><span style=\"color: #000000;\"><span style=\"font-size: small;\"><span style=\"font-family: Calibri, serif;\"><b>(Assemblea Straordinaria)<\/b><\/span><\/span><\/span><\/p>\n<p><span style=\"color: #000000;\"><span style=\"font-size: small;\"><span style=\"font-family: Calibri, serif;\">L\u2019assemblea straordinaria modifica lo Statuto dell\u2019Associazione con la presenza di almeno met\u00e0 pi\u00f9 uno degli associati e il voto favorevole della maggioranza dei presenti e delibera lo scioglimento e la liquidazione nonch\u00e9 la devoluzione del patrimonio con il voto favorevole di almeno \u00be degli associati.<\/span><\/span><\/span><\/td>\n<\/tr>\n<tr>\n<td valign=\"TOP\" bgcolor=\"#ffffff\" width=\"739\">\n<p align=\"CENTER\"><span style=\"color: #000000;\"><span style=\"font-size: small;\"><span style=\"font-family: Calibri, serif;\"><b>ART. 15<\/b><\/span><\/span><\/span><\/p>\n<p align=\"CENTER\"><span style=\"color: #000000;\"><span style=\"font-size: small;\"><span style=\"font-family: Calibri, serif;\"><b>(Consiglio Direttivo)<\/b><\/span><\/span><\/span><\/p>\n<p align=\"JUSTIFY\"><span style=\"color: #000000;\"><span style=\"font-size: small;\"><span style=\"font-family: Calibri, serif;\">Il Consiglio Direttivo governa l\u2019Associazione ed opera in attuazione delle volont\u00e0 e degli indirizzi generali dell\u2019assemblea alla quale risponde direttamente e dalla quale pu\u00f2 essere revocato. <\/span><\/span><\/span><\/p>\n<p align=\"JUSTIFY\"><span style=\"color: #000000;\"><span style=\"font-size: small;\"><span style=\"font-family: Calibri, serif;\">Il Consiglio Direttivo \u00e8 composto da un numero dispari di persone, da 5 (cinque) a 7 (sette), membri eletti dall\u2019assemblea tra gli associati. Dura in carica per numero di anni 3 e i suoi componenti possono essere rieletti. <\/span><\/span><\/span><\/p>\n<p align=\"JUSTIFY\"><span style=\"color: #000000;\"><span style=\"font-size: small;\"><span style=\"font-family: Calibri, serif;\">Il Consiglio Direttivo \u00e8 validamente costituito quando \u00e8 presente la maggioranza dei componenti. Le deliberazioni sono assunte a maggioranza dei presenti.<\/span><\/span><\/span><\/p>\n<p align=\"JUSTIFY\"><span style=\"color: #000000;\"><span style=\"font-size: small;\"><span style=\"font-family: Calibri, serif;\">Il Consiglio Direttivo compie tutti gli atti di ordinaria e straordinaria amministrazione la cui competenza non sia per legge di pertinenza esclusiva dell\u2019assemblea. <\/span><\/span><\/span><\/p>\n<p align=\"JUSTIFY\"><span style=\"color: #000000;\"><span style=\"font-size: small;\"><span style=\"font-family: Calibri, serif;\">In particolare, tra gli altri compiti:<\/span><\/span><\/span><\/p>\n<ul>\n<li>\n<p align=\"JUSTIFY\"><span style=\"color: #000000;\"><span style=\"font-size: small;\"><span style=\"font-family: Calibri, serif;\">amministra l\u2019Associazione;<\/span><\/span><\/span><\/p>\n<\/li>\n<li>\n<p align=\"JUSTIFY\"><span style=\"color: #000000;\"><span style=\"font-size: small;\"><span style=\"font-family: Calibri, serif;\">attua le deliberazioni dell\u2019assemblea;<\/span><\/span><\/span><\/p>\n<\/li>\n<li>\n<p align=\"JUSTIFY\"><span style=\"color: #000000;\"><span style=\"font-size: small;\"><span style=\"font-family: Calibri, serif;\">predispone il bilancio di esercizio e, se previsto, il bilancio sociale e li sottopone all\u2019approvazione dell\u2019assemblea e cura gli ulteriori adempimenti previsti dalla legge;<\/span><\/span><\/span><\/p>\n<\/li>\n<li>\n<p align=\"JUSTIFY\"><span style=\"color: #000000;\"><span style=\"font-size: small;\"><span style=\"font-family: Calibri, serif;\">predispone tutti gli elementi utili all\u2019assemblea per la previsione e la programmazione economica dell\u2019esercizio;<\/span><\/span><\/span><\/p>\n<\/li>\n<li>\n<p align=\"JUSTIFY\"><span style=\"color: #000000;\"><span style=\"font-size: small;\"><span style=\"font-family: Calibri, serif;\">stipula tutti gli atti e contratti inerenti le attivit\u00e0 associative;<\/span><\/span><\/span><\/p>\n<\/li>\n<li>\n<p align=\"JUSTIFY\"><span style=\"color: #000000;\"><span style=\"font-size: small;\"><span style=\"font-family: Calibri, serif;\">cura la tenuta dei libri sociali di sua competenza;<\/span><\/span><\/span><\/p>\n<\/li>\n<li>\n<p align=\"JUSTIFY\"><span style=\"color: #000000;\"><span style=\"font-size: small;\"><span style=\"font-family: Calibri, serif;\">\u00e8 responsabile degli adempimenti connessi all\u2019iscrizione nel Runts;<\/span><\/span><\/span><\/p>\n<\/li>\n<li>\n<p align=\"JUSTIFY\"><span style=\"color: #000000;\"><span style=\"font-size: small;\"><span style=\"font-family: Calibri, serif;\">disciplina l\u2019ammissione e l\u2019esclusione degli associati;<\/span><\/span><\/span><\/p>\n<\/li>\n<li>\n<p align=\"JUSTIFY\"><span style=\"color: #000000;\"><span style=\"font-size: small;\"><span style=\"font-family: Calibri, serif;\">accoglie o rigetta le domande degli aspiranti associati.<\/span><\/span><\/span><\/p>\n<\/li>\n<\/ul>\n<p align=\"JUSTIFY\"><span style=\"color: #000000;\"><span style=\"font-size: small;\"><span style=\"font-family: Calibri, serif;\">Il potere di rappresentanza attribuito ai consiglieri \u00e8 generale, pertanto le limitazioni di tale potere non sono opponibili ai terzi se non iscritte nel Registro unico nazionale del terzo settore o se non si prova che i terzi ne erano a conoscenza.<\/span><\/span><\/span><\/p>\n<p align=\"JUSTIFY\"><span style=\"color: #000000;\"><span style=\"font-size: small;\"><span style=\"font-family: Calibri, serif;\">Il Presidente dell\u2019Associazione \u00e8 il Presidente del Consiglio Direttivo ed \u00e8 nominato dall\u2019assemblea assieme agli altri componenti del Consiglio Direttivo. <\/span><\/span><\/span><\/p>\n<\/td>\n<\/tr>\n<tr>\n<td valign=\"TOP\" bgcolor=\"#ffffff\" width=\"739\">\n<p align=\"CENTER\"><span style=\"color: #000000;\"><span style=\"font-size: small;\"><span style=\"font-family: Calibri, serif;\"><b>ART. 16<\/b><\/span><\/span><\/span><\/p>\n<p align=\"CENTER\"><span style=\"color: #000000;\"><span style=\"font-size: small;\"><span style=\"font-family: Calibri, serif;\"><b>(Il Presidente)<\/b><\/span><\/span><\/span><\/p>\n<p align=\"JUSTIFY\"><span style=\"color: #000000;\"><span style=\"font-size: small;\"><span style=\"font-family: Calibri, serif;\">Il Presidente rappresenta legalmente l\u2019Associazione e compie tutti gli atti che la impegnano verso l\u2019esterno.<\/span><\/span><\/span><\/p>\n<p align=\"JUSTIFY\"><span style=\"color: #000000;\"><span style=\"font-size: small;\"><span style=\"font-family: Calibri, serif;\">Il Presidente \u00e8 eletto dall\u2019assemblea tra i propri componenti a maggioranza dei presenti.<\/span><\/span><\/span><\/p>\n<p align=\"JUSTIFY\"><span style=\"color: #000000;\"><span style=\"font-size: small;\"><span style=\"font-family: Calibri, serif;\">Il Presidente dura in carica quanto il Consiglio Direttivo e cessa per scadenza del mandato, per dimissioni volontarie o per eventuale revoca decisa dall\u2019assemblea.<\/span><\/span><\/span><\/p>\n<p align=\"JUSTIFY\"><span style=\"color: #000000;\"><span style=\"font-size: small;\"><span style=\"font-family: Calibri, serif;\">Almeno un mese prima della scadenza del mandato, il Presidente convoca l\u2019assemblea per l\u2019elezione del nuovo Presidente e del Consiglio Direttivo.<\/span><\/span><\/span><\/p>\n<p align=\"JUSTIFY\"><span style=\"color: #000000;\"><span style=\"font-size: small;\"><span style=\"font-family: Calibri, serif;\">Il Presidente convoca e presiede l\u2019Assemblea e il Consiglio Direttivo, svolge l\u2019ordinaria amministrazione sulla base delle direttive di tali organi, riferendo al Consiglio Direttivo in merito all\u2019attivit\u00e0 compiuta.<\/span><\/span><\/span><\/p>\n<p align=\"JUSTIFY\"><span style=\"color: #000000;\"><span style=\"font-size: small;\"><span style=\"font-family: Calibri, serif;\">Il Vicepresidente sostituisce il Presidente in ogni sua attribuzione ogniqualvolta questi sia impossibilitato nell\u2019esercizio delle sue funzioni.<\/span><\/span><\/span><\/p>\n<\/td>\n<\/tr>\n<tr>\n<td valign=\"TOP\" bgcolor=\"#ffffff\" width=\"739\">\n<p align=\"CENTER\"><span style=\"color: #000000;\"><span style=\"font-size: small;\"><span style=\"font-family: Calibri, serif;\"><b>ART. 17<\/b><\/span><\/span><\/span><\/p>\n<p align=\"CENTER\"><span style=\"color: #000000;\"><span style=\"font-size: small;\"><span style=\"font-family: Calibri, serif;\"><b>(Organo di controllo)<\/b><\/span><\/span><\/span><\/p>\n<p align=\"JUSTIFY\"><span style=\"color: #000000;\"><span style=\"font-size: small;\"><span style=\"font-family: Calibri, serif;\">L\u2019organo di controllo, anche monocratico, \u00e8 nominato nei casi previsti dall\u2019art. 30 del D. Lgs 117\/2017.<\/span><\/span><\/span><\/p>\n<p align=\"JUSTIFY\"><span style=\"color: #000000;\"><span style=\"font-size: small;\"><span style=\"font-family: Calibri, serif;\">L\u2019organo di controllo:<\/span><\/span><\/span><\/p>\n<ul>\n<li>\n<p align=\"JUSTIFY\"><span style=\"color: #000000;\"><span style=\"font-size: small;\"><span style=\"font-family: Calibri, serif;\">vigila sull&#8217;osservanza della legge, dello Statuto e sul rispetto dei principi di corretta amministrazione;<\/span><\/span><\/span><\/p>\n<\/li>\n<li>\n<p align=\"JUSTIFY\"><span style=\"color: #000000;\"><span style=\"font-size: small;\"><span style=\"font-family: Calibri, serif;\">vigila sull&#8217;adeguatezza dell&#8217;assetto organizzativo, amministrativo e contabile e sul suo concreto funzionamento;<\/span><\/span><\/span><\/p>\n<\/li>\n<li>\n<p align=\"JUSTIFY\"><span style=\"color: #000000;\"><span style=\"font-size: small;\"><span style=\"font-family: Calibri, serif;\">esercita compiti di monitoraggio dell&#8217;osservanza delle finalit\u00e0 civiche, solidaristiche e di utilit\u00e0 sociale;<\/span><\/span><\/span><\/p>\n<\/li>\n<li>\n<p align=\"JUSTIFY\"><span style=\"color: #000000;\"><span style=\"font-size: small;\"><span style=\"font-family: Calibri, serif;\">attesta che il bilancio sociale, ove previsto, sia stato redatto in conformit\u00e0 alle linee guida di cui all&#8217;articolo 14. Il bilancio sociale d\u00e0 atto degli esiti del monitoraggio svolto.<\/span><\/span><\/span><\/p>\n<\/li>\n<\/ul>\n<p align=\"JUSTIFY\"><span style=\"color: #000000;\"><span style=\"font-size: small;\"><span style=\"font-family: Calibri, serif;\">Pu\u00f2 esercitare, al superamento dei limiti stabiliti dal D.Lgs. 117\/17 all\u2019art. 31, la revisione legale dei conti. In tal caso \u00e8 costituito da revisori legali iscritti nell\u2019apposito registro.<\/span><\/span><\/span><\/p>\n<p align=\"JUSTIFY\"><span style=\"color: #000000;\"><span style=\"font-size: small;\"><span style=\"font-family: Calibri, serif;\">Il componente dell&#8217;organo di controllo pu\u00f2 in qualsiasi momento procedere ad atti di ispezione e di controllo e, a tal fine, pu\u00f2 chiedere ai Consiglieri notizie sull&#8217;andamento delle operazioni sociali o su determinati affari.<\/span><\/span><\/span><\/p>\n<p align=\"CENTER\"><span style=\"color: #000000;\"><span style=\"font-size: small;\"><span style=\"font-family: Calibri, serif;\"><b>ART. 18<\/b><\/span><\/span><\/span><\/p>\n<p align=\"CENTER\"><span style=\"color: #000000;\"><span style=\"font-size: small;\"><span style=\"font-family: Calibri, serif;\"><b>(Organo di Revisione legale dei conti)<\/b><\/span><\/span><\/span><\/p>\n<p><span style=\"color: #000000;\"><span style=\"font-size: small;\"><span style=\"font-family: Calibri, serif;\">E\u2019 nominato nei casi e nei modi previsti dall\u2019art.31 del D. Lgs. 117\/2017 ed \u00e8 formato da un revisore contabile iscritto al relativo registro.<\/span><\/span><\/span><\/td>\n<\/tr>\n<tr>\n<td valign=\"TOP\" bgcolor=\"#ffffff\" width=\"739\">\n<p align=\"CENTER\"><span style=\"color: #000000;\"><span style=\"font-size: small;\"><span style=\"font-family: Calibri, serif;\"><b>ART.19<\/b><\/span><\/span><\/span><\/p>\n<p align=\"CENTER\"><span style=\"color: #000000;\"><span style=\"font-size: small;\"><span style=\"font-family: Calibri, serif;\"><b>(Libri sociali)<\/b><\/span><\/span><\/span><\/p>\n<p align=\"JUSTIFY\"><span style=\"color: #000000;\"><span style=\"font-size: small;\"><span style=\"font-family: Calibri, serif;\">L\u2019Associazione ha l\u2019obbligo di tenere i seguenti libri sociali:<\/span><\/span><\/span><\/p>\n<ol type=\"a\">\n<li>\n<p align=\"JUSTIFY\"><span style=\"color: #000000;\"><span style=\"font-size: small;\"><span style=\"font-family: Calibri, serif;\">libro degli associati, tenuto a cura del Consiglio Direttivo;<\/span><\/span><\/span><\/p>\n<\/li>\n<li>\n<p align=\"JUSTIFY\"><span style=\"color: #000000;\"><span style=\"font-size: small;\"><span style=\"font-family: Calibri, serif;\">libro delle adunanze e delle deliberazioni delle assemblee, in cui devono essere trascritti anche i verbali redatti per atto pubblico, tenuto a cura del Consiglio Direttivo;<\/span><\/span><\/span><\/p>\n<\/li>\n<li>\n<p align=\"JUSTIFY\"><span style=\"color: #000000;\"><span style=\"font-size: small;\"><span style=\"font-family: Calibri, serif;\">libro delle adunanze e delle deliberazioni del Consiglio Direttivo, dell\u2019Organo di Controllo e degli altri organi sociali, tenuti a cura dell\u2019organo a cui si riferiscono;<\/span><\/span><\/span><\/p>\n<\/li>\n<li>\n<p align=\"JUSTIFY\"><span style=\"color: #000000;\"><span style=\"font-size: small;\"><span style=\"font-family: Calibri, serif;\">registro dei volontari, tenuto a cura del Consiglio Direttivo.<\/span><\/span><\/span><\/p>\n<\/li>\n<\/ol>\n<p align=\"JUSTIFY\"><span style=\"color: #000000;\"><span style=\"font-size: small;\"><span style=\"font-family: Calibri, serif;\">Tutti gli associati, in regola con il versamento della quota associativa, hanno il diritto di esaminare i libri sociali tenuti presso la sede legale dell\u2019ente, entro 30 giorni dalla data della richiesta formulata all\u2019organo competente.<\/span><\/span><\/span><\/p>\n<\/td>\n<\/tr>\n<tr>\n<td valign=\"TOP\" bgcolor=\"#ffffff\" width=\"739\">\n<p align=\"CENTER\"><span style=\"color: #000000;\"><span style=\"font-size: small;\"><span style=\"font-family: Calibri, serif;\"><b>ART. 20<\/b><\/span><\/span><\/span><\/p>\n<p align=\"CENTER\"><span style=\"color: #000000;\"><span style=\"font-size: small;\"><span style=\"font-family: Calibri, serif;\"><b>(Risorse economiche)<\/b><\/span><\/span><\/span><\/p>\n<p><span style=\"color: #000000;\"><span style=\"font-size: small;\"><span style=\"font-family: Calibri, serif;\">L\u2019Associazione non ha scopo di lucro.<\/span><\/span><\/span><\/p>\n<p align=\"JUSTIFY\"><span style=\"color: #000000;\"><span style=\"font-size: small;\"><span style=\"font-family: Calibri, serif;\">Le risorse economiche dell\u2019Associazione sono costituite da:<\/span><\/span><\/span><\/p>\n<ul>\n<li><span style=\"color: #000000;\"><span style=\"font-size: small;\"><span style=\"font-family: Calibri, serif;\">quote associative;<\/span><\/span><\/span><\/li>\n<li><span style=\"color: #000000;\"><span style=\"font-size: small;\"><span style=\"font-family: Calibri, serif;\">contributi pubblici e privati;<\/span><\/span><\/span><\/li>\n<li><span style=\"color: #000000;\"><span style=\"font-size: small;\"><span style=\"font-family: Calibri, serif;\">donazioni e lasciti testamentari;<\/span><\/span><\/span><\/li>\n<li><span style=\"color: #000000;\"><span style=\"font-size: small;\"><span style=\"font-family: Calibri, serif;\">rendite patrimoniali;<\/span><\/span><\/span><\/li>\n<li><span style=\"color: #000000;\"><span style=\"font-size: small;\"><span style=\"font-family: Calibri, serif;\">attivit\u00e0 di raccolta fondi;<\/span><\/span><\/span><\/li>\n<li><span style=\"color: #000000;\"><span style=\"font-size: small;\"><span style=\"font-family: Calibri, serif;\">rimborsi da convenzioni;<\/span><\/span><\/span><\/li>\n<li><span style=\"color: #000000;\"><span style=\"font-size: small;\"><span style=\"font-family: Calibri, serif;\">ogni altra entrata ammessa ai sensi del D. Lgs. 117\/2017;<\/span><\/span><\/span><\/li>\n<li><span style=\"color: #000000;\"><span style=\"font-size: small;\"><span style=\"font-family: Calibri, serif;\">entrate derivanti da attivit\u00e0 commerciali e produttive marginali, da inserire in un\u2019apposita voce di bilancio.<\/span><\/span><\/span><\/li>\n<\/ul>\n<\/td>\n<\/tr>\n<tr>\n<td valign=\"TOP\" bgcolor=\"#ffffff\" width=\"739\">\n<p align=\"CENTER\"><span style=\"color: #000000;\"><span style=\"font-size: small;\"><span style=\"font-family: Calibri, serif;\"><b>ART. 21<\/b><\/span><\/span><\/span><\/p>\n<p align=\"CENTER\"><span style=\"color: #000000;\"><span style=\"font-size: small;\"><span style=\"font-family: Calibri, serif;\"><b>(I beni)<\/b><\/span><\/span><\/span><\/p>\n<p align=\"JUSTIFY\"><span style=\"color: #000000;\"><span style=\"font-size: small;\"><span style=\"font-family: Calibri, serif;\">I beni dell\u2019Associazione sono beni immobili, beni registrati mobili e beni mobili. I beni immobili ed i beni registrati mobili possono essere acquistati dall\u2019Associazione, e sono ad essa intestati.<\/span><\/span><\/span><\/p>\n<p align=\"JUSTIFY\"><span style=\"color: #000000;\"><span style=\"font-size: small;\"><span style=\"font-family: Calibri, serif;\">I beni immobili, i beni registrati mobili, nonch\u00e9 i beni mobili che sono collocati nella sede dell\u2019Associazione sono elencati nell\u2019inventario, che \u00e8 depositato presso la sede dell\u2019Associazione e pu\u00f2 essere consultato dagli associati.<\/span><\/span><\/span><\/p>\n<\/td>\n<\/tr>\n<tr>\n<td valign=\"TOP\" bgcolor=\"#ffffff\" width=\"739\">\n<p align=\"CENTER\"><span style=\"color: #000000;\"><span style=\"font-size: small;\"><span style=\"font-family: Calibri, serif;\"><b>ART. 22<\/b><\/span><\/span><\/span><\/p>\n<p align=\"CENTER\"><span style=\"color: #000000;\"><span style=\"font-size: small;\"><span style=\"font-family: Calibri, serif;\"><b>(Divieto di distribuzione degli utili e obbligo di utilizzo del patrimonio<\/b><\/span><span style=\"font-family: Calibri, serif;\">)<\/span><\/span><\/span><\/p>\n<p align=\"JUSTIFY\"><span style=\"color: #000000;\"><span style=\"font-size: small;\"><span style=\"font-family: Calibri, serif;\">L\u2019Associazione ha il divieto di distribuire, anche in modo indiretto, utili e avanzi di gestione nonch\u00e9 fondi, riserve o capitale durante la propria vita ai sensi dell\u2019art. 8 comma 2 del D.Lgs. 117\/2017 nonch\u00e9 l\u2019obbligo di utilizzare il patrimonio, comprensivo di eventuali ricavi, rendite, proventi, entrate comunque denominate, per lo svolgimento dell\u2019attivit\u00e0 statutaria ai fini dell\u2019esclusivo perseguimento delle finalit\u00e0 previste.<\/span><\/span><\/span><\/p>\n<\/td>\n<\/tr>\n<tr>\n<td valign=\"TOP\" bgcolor=\"#ffffff\" width=\"739\">\n<p align=\"CENTER\"><span style=\"color: #000000;\"><span style=\"font-size: small;\"><span style=\"font-family: Calibri, serif;\"><b>ART. 23<\/b><\/span><\/span><\/span><\/p>\n<p align=\"CENTER\"><span style=\"color: #000000;\"><span style=\"font-size: small;\"><span style=\"font-family: Calibri, serif;\"><b>(Bilancio)<\/b><\/span><\/span><\/span><\/p>\n<p align=\"JUSTIFY\"><span style=\"color: #000000;\"><span style=\"font-size: small;\"><span style=\"font-family: Calibri, serif;\">Il bilancio di esercizio dell\u2019Associazione \u00e8 annuale e decorre dal primo gennaio di ogni anno. E\u2019 redatto ai sensi degli articoli 13 e 87 del D. Lgs. 117\/2017 e delle relative norme di attuazione. E deve rappresentare in maniera veritiera e corretta l\u2019andamento economico e finanziario dell\u2019Associazione.<\/span><\/span><\/span><\/p>\n<p align=\"JUSTIFY\"><span style=\"color: #000000;\"><span style=\"font-size: small;\"><span style=\"font-family: Calibri, serif;\">Il bilancio \u00e8 predisposto dal Consiglio Direttivo e viene approvato dall\u2019assemblea ordinaria entro 5 mesi dalla chiusura dell\u2019esercizio cui si riferisce il consuntivo e depositato presso il Registro unico nazionale del terzo settore entro il 30 giugno di ogni anno.<\/span><\/span><\/span><\/p>\n<\/td>\n<\/tr>\n<tr>\n<td valign=\"TOP\" bgcolor=\"#ffffff\" width=\"739\">\n<p align=\"CENTER\"><span style=\"color: #000000;\"><span style=\"font-size: small;\"><span style=\"font-family: Calibri, serif;\"><b>ART. 24<\/b><\/span><\/span><\/span><\/p>\n<p align=\"CENTER\"><span style=\"color: #000000;\"><span style=\"font-size: small;\"><span style=\"font-family: Calibri, serif;\"><b>(Bilancio sociale)<\/b><\/span><\/span><\/span><\/p>\n<p align=\"JUSTIFY\"><span style=\"color: #000000;\"><span style=\"font-size: small;\"><span style=\"font-family: Calibri, serif;\">Al verificarsi delle condizioni previste dall\u2019art. 14 del D. Lgs. 117\/2017 l\u2019Associazione redige il bilancio sociale e pone in essere tutti gli adempimenti necessari.<\/span><\/span><\/span><\/p>\n<\/td>\n<\/tr>\n<tr>\n<td valign=\"TOP\" bgcolor=\"#ffffff\" width=\"739\">\n<p align=\"CENTER\"><span style=\"color: #000000;\"><span style=\"font-size: small;\"><span style=\"font-family: Calibri, serif;\"><b>ART. 25<\/b><\/span><\/span><\/span><\/p>\n<p align=\"CENTER\"><span style=\"color: #000000;\"><span style=\"font-size: small;\"><span style=\"font-family: Calibri, serif;\"><b>(Convenzioni)<\/b><\/span><\/span><\/span><\/p>\n<p align=\"JUSTIFY\"><span style=\"color: #000000;\"><span style=\"font-size: small;\"><span style=\"font-family: Calibri, serif;\">Le convenzioni tra l\u2019Associazione di Promozione Sociale e le Amministrazioni pubbliche di cui all\u2019art. 56 comma 1 del D. Lgs. 117\/2017 sono deliberate dal Consiglio Direttivo che ne determina anche le modalit\u00e0 di attuazione, e sono stipulate dal Presidente dell\u2019Associazione, quale suo legale rappresentante. <\/span><\/span><\/span><\/p>\n<p align=\"JUSTIFY\"><span style=\"color: #000000;\"><span style=\"font-size: small;\"><span style=\"font-family: Calibri, serif;\">Copia di ogni convenzione \u00e8 custodita, a cura del Presidente, presso la sede dell\u2019Associazione.<\/span><\/span><\/span><\/p>\n<\/td>\n<\/tr>\n<tr>\n<td valign=\"TOP\" bgcolor=\"#ffffff\" width=\"739\">\n<p align=\"CENTER\"><span style=\"color: #000000;\"><span style=\"font-size: small;\"><span style=\"font-family: Calibri, serif;\"><b>ART. 26<\/b><\/span><\/span><\/span><\/p>\n<p align=\"CENTER\"><span style=\"color: #000000;\"><span style=\"font-size: small;\"><span style=\"font-family: Calibri, serif;\"><b>(Personale retribuito)<\/b><\/span><\/span><\/span><\/p>\n<p align=\"JUSTIFY\"><span style=\"color: #000000;\"><span style=\"font-size: small;\"><span style=\"font-family: Calibri, serif;\">L\u2019Associazione di promozione sociale pu\u00f2 avvalersi di personale retribuito nei limiti previsti dall\u2019art. 36 del D. Lgs. 117\/2017.<\/span><\/span><\/span><\/p>\n<p align=\"JUSTIFY\"><span style=\"color: #000000;\"><span style=\"font-size: small;\"><span style=\"font-family: Calibri, serif;\">I rapporti tra l\u2019Associazione e il personale retribuito sono disciplinati dalla Legge e da apposito regolamento adottato dall\u2019Associazione.<\/span><\/span><\/span><\/p>\n<\/td>\n<\/tr>\n<tr>\n<td valign=\"TOP\" bgcolor=\"#ffffff\" width=\"739\">\n<p align=\"CENTER\"><span style=\"color: #000000;\"><span style=\"font-size: small;\"><span style=\"font-family: Calibri, serif;\"><b>ART. 27<\/b><\/span><\/span><\/span><\/p>\n<p align=\"CENTER\"><span style=\"color: #000000;\"><span style=\"font-size: small;\"><span style=\"font-family: Calibri, serif;\"><b>(Responsabilit\u00e0 ed assicurazione degli associati volontari)<\/b><\/span><\/span><\/span><\/p>\n<p align=\"JUSTIFY\"><span style=\"color: #000000;\"><span style=\"font-size: small;\"><span style=\"font-family: Calibri, serif;\">Gli associati volontari che prestano attivit\u00e0 di volontariato sono assicurati per malattie, infortunio e per la responsabilit\u00e0 civile verso i terzi ai sensi dell\u2019art. 18 del D. Lgs. 117\/2017.<\/span><\/span><\/span><\/p>\n<\/td>\n<\/tr>\n<tr>\n<td valign=\"TOP\" bgcolor=\"#ffffff\" width=\"739\">\n<p align=\"CENTER\"><span style=\"color: #000000;\"><span style=\"font-size: small;\"><span style=\"font-family: Calibri, serif;\"><b>ART. 28<\/b><\/span><\/span><\/span><\/p>\n<p align=\"CENTER\"><span style=\"color: #000000;\"><span style=\"font-size: small;\"><span style=\"font-family: Calibri, serif;\"><b>(Responsabilit\u00e0 della Associazione)<\/b><\/span><\/span><\/span><\/p>\n<p align=\"JUSTIFY\"><span style=\"color: #000000;\"><span style=\"font-size: small;\"><span style=\"font-family: Calibri, serif;\">Per le obbligazioni assunte dalle persone che rappresentano l\u2019Associazione, i terzi possono far valere i loro diritti sul fondo comune. Delle obbligazioni assunte rispondono, personalmente e solidamente le persone che hanno agito in nome e per conto dell\u2019Associazione. <\/span><\/span><\/span><\/p>\n<\/td>\n<\/tr>\n<tr>\n<td valign=\"TOP\" bgcolor=\"#ffffff\" width=\"739\">\n<p align=\"CENTER\"><span style=\"color: #000000;\"><span style=\"font-size: small;\"><span style=\"font-family: Calibri, serif;\"><b>ART. 29<\/b><\/span><\/span><\/span><\/p>\n<p align=\"CENTER\"><span style=\"color: #000000;\"><span style=\"font-size: small;\"><span style=\"font-family: Calibri, serif;\"><b>(Assicurazione dell\u2019Associazione)<\/b><\/span><\/span><\/span><\/p>\n<p align=\"JUSTIFY\"><span style=\"color: #000000;\"><span style=\"font-size: small;\"><span style=\"font-family: Calibri, serif;\">L\u2019Associazione di promozione sociale pu\u00f2 assicurarsi per i danni derivanti da responsabilit\u00e0 contrattuale ed extra contrattuale della Associazione stessa.<\/span><\/span><\/span><\/p>\n<\/td>\n<\/tr>\n<tr>\n<td valign=\"TOP\" bgcolor=\"#ffffff\" width=\"739\">\n<p align=\"CENTER\"><span style=\"color: #000000;\"><span style=\"font-size: small;\"><span style=\"font-family: Calibri, serif;\"><b>ART. 30<\/b><\/span><\/span><\/span><\/p>\n<p align=\"CENTER\"><span style=\"color: #000000;\"><span style=\"font-size: small;\"><span style=\"font-family: Calibri, serif;\"><b>(Devoluzione del patrimonio)<\/b><\/span><\/span><\/span><\/p>\n<p align=\"JUSTIFY\"><span style=\"color: #000000;\"><span style=\"font-size: small;\"><span style=\"font-family: Calibri, serif;\">In caso di estinzione o scioglimento, il patrimonio residuo \u00e8 devoluto, salva diversa destinazione imposta dalla legge, ad altri enti del Terzo settore, secondo quanto previsto dall\u2019art. 9 del D. Lgs. 117\/2017.<\/span><\/span><\/span><\/p>\n<\/td>\n<\/tr>\n<tr>\n<td valign=\"TOP\" bgcolor=\"#ffffff\" width=\"739\"><\/td>\n<\/tr>\n<tr>\n<td valign=\"TOP\" bgcolor=\"#ffffff\" width=\"739\">\n<p align=\"CENTER\"><span style=\"color: #000000;\"><span style=\"font-size: small;\"><span style=\"font-family: Calibri, serif;\"><b>ART. 31<\/b><\/span><\/span><\/span><\/p>\n<p align=\"CENTER\"><span style=\"color: #000000;\"><span style=\"font-size: small;\"><span style=\"font-family: Calibri, serif;\"><b>(Disposizioni finali)<\/b><\/span><\/span><\/span><\/p>\n<p align=\"JUSTIFY\"><span style=\"color: #000000;\"><span style=\"font-size: small;\"><span style=\"font-family: Calibri, serif;\">Per quanto non \u00e8 previsto dal presente Statuto, si fa riferimento alle normative vigenti in materia ed ai principi generali dell\u2019ordinamento giuridico.<\/span><\/span><\/span><\/p>\n<\/td>\n<\/tr>\n<tr>\n<td valign=\"TOP\" bgcolor=\"#ffffff\" width=\"739\"><\/td>\n<\/tr>\n<\/tbody>\n<\/table>\n<\/div>\n<div><\/div>\n<div class=\"column\"><a href=\"https:\/\/www.afadoc.it\/wp22\/wp-content\/uploads\/2024\/04\/STATUTO-2024-APS-approvato-assemblea-15.03.2024.pdf\"><strong>Clicca e scarica lo STATUTO 2024<\/strong> <\/a>(approvato assemblea 15.03.2024)<\/div>\n<\/div>\n<\/div>\n","protected":false},"excerpt":{"rendered":"STATUTO A.Fa.D.O.C. APS ART. 1 (Denominazione e sede) E\u2019 costituito, nel rispetto del D. Lgs. 117\/2017, del Codice Civile e della normativa in materia, l\u2019Ente del Terzo Settore denominato: &lt;&lt; A.Fa.D.O.C. APS &#8211; Associazione Famiglie Deficit Ormone della Crescita ed altre patologie rare &gt;&gt; che assume la forma giuridica di associazione non riconosciuta, apartitica e &#8230;","protected":false},"author":1,"featured_media":0,"parent":0,"menu_order":0,"comment_status":"open","ping_status":"open","template":"","meta":[],"aioseo_notices":[],"aioseo_head":"\n\t\t<!-- All in One SEO 5.0.0.1 - aioseo.com -->\n\t<meta name=\"description\" content=\"Associazione Famiglie di Soggetti con Deficit dell\u2019Ormone della Crescita ed altre Patologie lo statuto.\" \/>\n\t<meta name=\"robots\" content=\"max-image-preview:large\" \/>\n\t<link rel=\"canonical\" href=\"https:\/\/www.afadoc.it\/wp22\/?page_id=622\" \/>\n\t<meta name=\"generator\" content=\"All in One SEO (AIOSEO) 5.0.0.1\" \/>\n\t\t<meta property=\"og:locale\" content=\"it_IT\" \/>\n\t\t<meta property=\"og:site_name\" content=\"A.Fa.D.O.C. odv\" \/>\n\t\t<meta property=\"og:type\" content=\"article\" \/>\n\t\t<meta property=\"og:title\" content=\"Lo statuto | A.Fa.D.O.C. aps\" \/>\n\t\t<meta property=\"og:description\" content=\"Associazione Famiglie di Soggetti con Deficit dell\u2019Ormone della Crescita ed altre Patologie lo statuto.\" \/>\n\t\t<meta property=\"og:url\" content=\"https:\/\/www.afadoc.it\/wp22\/?page_id=622\" \/>\n\t\t<meta property=\"article:published_time\" content=\"2011-10-17T09:28:12+00:00\" \/>\n\t\t<meta property=\"article:modified_time\" content=\"2024-04-08T15:19:32+00:00\" \/>\n\t\t<meta property=\"article:publisher\" content=\"https:\/\/www.facebook.com\/afadoc\/\" \/>\n\t\t<meta name=\"twitter:card\" content=\"summary\" \/>\n\t\t<meta name=\"twitter:site\" content=\"@AfadocOnlus\" \/>\n\t\t<meta name=\"twitter:title\" content=\"Lo statuto | A.Fa.D.O.C. aps\" \/>\n\t\t<meta name=\"twitter:description\" content=\"Associazione Famiglie di Soggetti con Deficit dell\u2019Ormone della Crescita ed altre Patologie lo statuto.\" \/>\n\t\t<meta name=\"twitter:creator\" content=\"@AfadocOnlus\" \/>\n\t\t<script type=\"application\/ld+json\" class=\"aioseo-schema\">\n\t\t\t{\"@context\":\"https:\\\/\\\/schema.org\",\"@graph\":[{\"@type\":\"BreadcrumbList\",\"@id\":\"https:\\\/\\\/www.afadoc.it\\\/wp22\\\/?page_id=622#breadcrumblist\",\"itemListElement\":[{\"@type\":\"ListItem\",\"@id\":\"https:\\\/\\\/www.afadoc.it\\\/wp22#listItem\",\"position\":1,\"name\":\"Home\",\"item\":\"https:\\\/\\\/www.afadoc.it\\\/wp22\",\"nextItem\":{\"@type\":\"ListItem\",\"@id\":\"https:\\\/\\\/www.afadoc.it\\\/wp22\\\/?page_id=622#listItem\",\"name\":\"Statuto\"}},{\"@type\":\"ListItem\",\"@id\":\"https:\\\/\\\/www.afadoc.it\\\/wp22\\\/?page_id=622#listItem\",\"position\":2,\"name\":\"Statuto\",\"previousItem\":{\"@type\":\"ListItem\",\"@id\":\"https:\\\/\\\/www.afadoc.it\\\/wp22#listItem\",\"name\":\"Home\"}}]},{\"@type\":\"Organization\",\"@id\":\"https:\\\/\\\/www.afadoc.it\\\/wp22\\\/#organization\",\"name\":\"Associazione di famiglie di soggetti con deficit Ormone della Crescita e altre patologie Rare\",\"description\":\"Associazione Famiglie Deficit Ormone della Crescita ed altre patologie rare\",\"url\":\"https:\\\/\\\/www.afadoc.it\\\/wp22\\\/\",\"telephone\":\"+390444301570\",\"logo\":{\"@type\":\"ImageObject\",\"url\":\"https:\\\/\\\/www.afadoc.it\\\/wp\\\/wp-content\\\/uploads\\\/2021\\\/07\\\/Schermata-2021-07-12-alle-15.41.02.jpg\",\"@id\":\"https:\\\/\\\/www.afadoc.it\\\/wp22\\\/?page_id=622\\\/#organizationLogo\"},\"image\":{\"@id\":\"https:\\\/\\\/www.afadoc.it\\\/wp22\\\/?page_id=622\\\/#organizationLogo\"},\"sameAs\":[\"https:\\\/\\\/www.facebook.com\\\/afadoc\\\/\",\"https:\\\/\\\/twitter.com\\\/AfadocOnlus\",\"https:\\\/\\\/www.instagram.com\\\/associazioneafadoc\\\/\",\"https:\\\/\\\/www.youtube.com\\\/user\\\/afadoctv\",\"https:\\\/\\\/www.linkedin.com\\\/in\\\/afadoc\\\/\"]},{\"@type\":\"WebPage\",\"@id\":\"https:\\\/\\\/www.afadoc.it\\\/wp22\\\/?page_id=622#webpage\",\"url\":\"https:\\\/\\\/www.afadoc.it\\\/wp22\\\/?page_id=622\",\"name\":\"Lo statuto | A.Fa.D.O.C. aps\",\"description\":\"Associazione Famiglie di Soggetti con Deficit dell\\u2019Ormone della Crescita ed altre Patologie lo statuto.\",\"inLanguage\":\"it-IT\",\"isPartOf\":{\"@id\":\"https:\\\/\\\/www.afadoc.it\\\/wp22\\\/#website\"},\"breadcrumb\":{\"@id\":\"https:\\\/\\\/www.afadoc.it\\\/wp22\\\/?page_id=622#breadcrumblist\"},\"datePublished\":\"2011-10-17T09:28:12+02:00\",\"dateModified\":\"2024-04-08T17:19:32+02:00\"},{\"@type\":\"WebSite\",\"@id\":\"https:\\\/\\\/www.afadoc.it\\\/wp22\\\/#website\",\"url\":\"https:\\\/\\\/www.afadoc.it\\\/wp22\\\/\",\"name\":\"A.Fa.D.O.C. odv\",\"description\":\"Associazione Famiglie Deficit Ormone della Crescita ed altre patologie rare\",\"inLanguage\":\"it-IT\",\"publisher\":{\"@id\":\"https:\\\/\\\/www.afadoc.it\\\/wp22\\\/#organization\"}}]}\n\t\t<\/script>\n\t\t<!-- All in One SEO -->\n\n","aioseo_head_json":{"title":"Lo statuto | A.Fa.D.O.C. aps","description":"Associazione Famiglie di Soggetti con Deficit dell\u2019Ormone della Crescita ed altre Patologie lo statuto.","canonical_url":"https:\/\/www.afadoc.it\/wp22\/?page_id=622","robots":"max-image-preview:large","keywords":"","webmasterTools":{"miscellaneous":""},"schema":{"@context":"https:\/\/schema.org","@graph":[{"@type":"BreadcrumbList","@id":"https:\/\/www.afadoc.it\/wp22\/?page_id=622#breadcrumblist","itemListElement":[{"@type":"ListItem","@id":"https:\/\/www.afadoc.it\/wp22#listItem","position":1,"name":"Home","item":"https:\/\/www.afadoc.it\/wp22","nextItem":{"@type":"ListItem","@id":"https:\/\/www.afadoc.it\/wp22\/?page_id=622#listItem","name":"Statuto"}},{"@type":"ListItem","@id":"https:\/\/www.afadoc.it\/wp22\/?page_id=622#listItem","position":2,"name":"Statuto","previousItem":{"@type":"ListItem","@id":"https:\/\/www.afadoc.it\/wp22#listItem","name":"Home"}}]},{"@type":"Organization","@id":"https:\/\/www.afadoc.it\/wp22\/#organization","name":"Associazione di famiglie di soggetti con deficit Ormone della Crescita e altre patologie Rare","description":"Associazione Famiglie Deficit Ormone della Crescita ed altre patologie rare","url":"https:\/\/www.afadoc.it\/wp22\/","telephone":"+390444301570","logo":{"@type":"ImageObject","url":"https:\/\/www.afadoc.it\/wp\/wp-content\/uploads\/2021\/07\/Schermata-2021-07-12-alle-15.41.02.jpg","@id":"https:\/\/www.afadoc.it\/wp22\/?page_id=622\/#organizationLogo"},"image":{"@id":"https:\/\/www.afadoc.it\/wp22\/?page_id=622\/#organizationLogo"},"sameAs":["https:\/\/www.facebook.com\/afadoc\/","https:\/\/twitter.com\/AfadocOnlus","https:\/\/www.instagram.com\/associazioneafadoc\/","https:\/\/www.youtube.com\/user\/afadoctv","https:\/\/www.linkedin.com\/in\/afadoc\/"]},{"@type":"WebPage","@id":"https:\/\/www.afadoc.it\/wp22\/?page_id=622#webpage","url":"https:\/\/www.afadoc.it\/wp22\/?page_id=622","name":"Lo statuto | A.Fa.D.O.C. aps","description":"Associazione Famiglie di Soggetti con Deficit dell\u2019Ormone della Crescita ed altre Patologie lo statuto.","inLanguage":"it-IT","isPartOf":{"@id":"https:\/\/www.afadoc.it\/wp22\/#website"},"breadcrumb":{"@id":"https:\/\/www.afadoc.it\/wp22\/?page_id=622#breadcrumblist"},"datePublished":"2011-10-17T09:28:12+02:00","dateModified":"2024-04-08T17:19:32+02:00"},{"@type":"WebSite","@id":"https:\/\/www.afadoc.it\/wp22\/#website","url":"https:\/\/www.afadoc.it\/wp22\/","name":"A.Fa.D.O.C. odv","description":"Associazione Famiglie Deficit Ormone della Crescita ed altre patologie rare","inLanguage":"it-IT","publisher":{"@id":"https:\/\/www.afadoc.it\/wp22\/#organization"}}]},"og:locale":"it_IT","og:site_name":"A.Fa.D.O.C. odv","og:type":"article","og:title":"Lo statuto | A.Fa.D.O.C. aps","og:description":"Associazione Famiglie di Soggetti con Deficit dell\u2019Ormone della Crescita ed altre Patologie lo statuto.","og:url":"https:\/\/www.afadoc.it\/wp22\/?page_id=622","article:published_time":"2011-10-17T09:28:12+00:00","article:modified_time":"2024-04-08T15:19:32+00:00","article:publisher":"https:\/\/www.facebook.com\/afadoc\/","twitter:card":"summary","twitter:site":"@AfadocOnlus","twitter:title":"Lo statuto | A.Fa.D.O.C. aps","twitter:description":"Associazione Famiglie di Soggetti con Deficit dell\u2019Ormone della Crescita ed altre Patologie lo statuto.","twitter:creator":"@AfadocOnlus"},"aioseo_meta_data":{"post_id":"622","title":"Lo statuto | #site_title","description":"Associazione Famiglie di Soggetti con Deficit dell\u2019Ormone della Crescita ed altre Patologie lo statuto.","keywords":[],"keyphrases":{"focus":{"keyphrase":"","score":0,"analysis":{"keyphraseInTitle":{"score":0,"maxScore":9,"error":1}}},"additional":[]},"primary_term":null,"canonical_url":null,"og_title":null,"og_description":null,"og_object_type":"default","og_image_type":"default","og_image_url":null,"og_image_width":null,"og_image_height":null,"og_image_custom_url":null,"og_image_custom_fields":null,"og_video":"","og_custom_url":null,"og_article_section":null,"og_article_tags":[],"twitter_use_og":false,"twitter_card":"default","twitter_image_type":"default","twitter_image_url":null,"twitter_image_custom_url":null,"twitter_image_custom_fields":null,"twitter_title":null,"twitter_description":null,"schema":{"blockGraphs":[],"customGraphs":[],"default":{"data":{"Article":[],"Course":[],"Dataset":[],"FAQPage":[],"Movie":[],"Person":[],"Product":[],"ProductReview":[],"Car":[],"Recipe":[],"Service":[],"SoftwareApplication":[],"WebPage":[]},"graphName":"WebPage","isEnabled":true},"graphs":[]},"schema_type":"default","schema_type_options":"{\"article\":{\"articleType\":\"BlogPosting\"},\"course\":{\"name\":\"\",\"description\":\"\",\"provider\":\"\"},\"faq\":{\"pages\":[]},\"product\":{\"reviews\":[]},\"recipe\":{\"ingredients\":[],\"instructions\":[],\"keywords\":[]},\"software\":{\"reviews\":[],\"operatingSystems\":[]},\"webPage\":{\"webPageType\":\"WebPage\"}}","pillar_content":false,"robots_default":true,"robots_noindex":false,"robots_noarchive":false,"robots_nosnippet":false,"robots_nofollow":false,"robots_noimageindex":false,"robots_noodp":false,"robots_notranslate":false,"robots_max_snippet":"-1","robots_max_videopreview":"-1","robots_max_imagepreview":"large","priority":null,"frequency":"default","location":null,"local_seo":null,"breadcrumb_settings":null,"limit_modified_date":false,"ai":null,"created":"2020-12-23 16:01:41","updated":"2024-04-08 15:19:32","seo_analyzer_scan_date":null,"focus_keyword":null,"additional_keywords":null,"truseo_locale":null},"_links":{"self":[{"href":"https:\/\/www.afadoc.it\/wp22\/index.php?rest_route=\/wp\/v2\/pages\/622"}],"collection":[{"href":"https:\/\/www.afadoc.it\/wp22\/index.php?rest_route=\/wp\/v2\/pages"}],"about":[{"href":"https:\/\/www.afadoc.it\/wp22\/index.php?rest_route=\/wp\/v2\/types\/page"}],"author":[{"embeddable":true,"href":"https:\/\/www.afadoc.it\/wp22\/index.php?rest_route=\/wp\/v2\/users\/1"}],"replies":[{"embeddable":true,"href":"https:\/\/www.afadoc.it\/wp22\/index.php?rest_route=%2Fwp%2Fv2%2Fcomments&post=622"}],"version-history":[{"count":8,"href":"https:\/\/www.afadoc.it\/wp22\/index.php?rest_route=\/wp\/v2\/pages\/622\/revisions"}],"predecessor-version":[{"id":11214,"href":"https:\/\/www.afadoc.it\/wp22\/index.php?rest_route=\/wp\/v2\/pages\/622\/revisions\/11214"}],"wp:attachment":[{"href":"https:\/\/www.afadoc.it\/wp22\/index.php?rest_route=%2Fwp%2Fv2%2Fmedia&parent=622"}],"curies":[{"name":"wp","href":"https:\/\/api.w.org\/{rel}","templated":true}]}}