{"id":12817,"date":"2026-08-05T11:36:50","date_gmt":"2026-08-05T09:36:50","guid":{"rendered":"https:\/\/www.afadoc.it\/wp22\/?page_id=12817"},"modified":"2026-08-25T09:06:43","modified_gmt":"2026-08-25T07:06:43","slug":"tuo-figlio-cresce-regolarmente-scoprilo-campagna-2026","status":"publish","type":"page","link":"https:\/\/www.afadoc.it\/wp22\/?page_id=12817","title":{"rendered":"TUO FIGLIO CRESCE REGOLARMENTE? SCOPRILO! &#8211; CAMPAGNA 2026"},"content":{"rendered":"<p>[vc_row][vc_column][vc_row_inner][vc_column_inner][vc_single_image image=&#8221;12818&#8243; img_size=&#8221;full&#8221; alignment=&#8221;center&#8221;][\/vc_column_inner][\/vc_row_inner][vc_column_text]<\/p>\n<p style=\"text-align: justify;\" align=\"JUSTIFY\"><span style=\"font-family: Arial, serif;\"><span style=\"font-size: medium;\"><span style=\"color: #222222;\"><span style=\"font-family: Arial, serif;\"><a href=\"https:\/\/www.afadoc.it\/wp22\/?page_id=4852\"><img decoding=\"async\" loading=\"lazy\" class=\"wp-image-12819 size-full alignleft\" src=\"https:\/\/www.afadoc.it\/wp22\/wp-content\/uploads\/2026\/08\/banner_sito.jpg\" alt=\"\" width=\"230\" height=\"488\" srcset=\"https:\/\/www.afadoc.it\/wp22\/wp-content\/uploads\/2026\/08\/banner_sito.jpg 230w, https:\/\/www.afadoc.it\/wp22\/wp-content\/uploads\/2026\/08\/banner_sito-141x300.jpg 141w\" sizes=\"(max-width: 230px) 100vw, 230px\" \/><\/a><\/span><\/span><\/span><\/span><b><\/b><\/p>\n<p align=\"JUSTIFY\"><span style=\"color: #000000; font-size: 18px;\"><span style=\"font-family: Calibri, sans-serif;\"><b>VOGLIO FAR SENTIRE LA MIA VOCE. GUARDAMI!<\/b><\/span><\/span><\/p>\n<p align=\"JUSTIFY\"><span style=\"color: #000000; font-size: 18px;\"><span style=\"font-family: Calibri, sans-serif;\">\u00c8 questo il messaggio che i ragazzi di AFaDOC lanciano nel video che accompagna la Campagna di sensibilizzazione sulla crescita dei bambini 2026. <\/span><\/span><span style=\"color: #000000; font-size: 18px;\"><span style=\"font-family: Calibri, sans-serif;\">Ognuno di loro esprime quello che conta per se stesso pi\u00f9 della propria altezza, mettendo cos\u00ec in risalto che nonostante tutto le cose importanti nella vita vanno oltre le problematiche fisiche. <\/span><\/span><\/p>\n<p align=\"JUSTIFY\"><span style=\"color: #000000; font-size: 18px;\"><span style=\"font-family: Calibri, sans-serif;\">Ma quanta fatica si nasconde dietro quei sorrisi?<br \/>\n<\/span><\/span><span style=\"color: #000000; font-size: 18px;\"><span style=\"font-family: Calibri, sans-serif;\">Loro lo sanno bene. Anni di terapie ormonali, visite, controlli e attese per poter crescere in altezza e permettere al proprio corpo di svilupparsi in modo armonico.<\/span><\/span><\/p>\n<p align=\"JUSTIFY\"><span style=\"color: #000000; font-size: 18px;\">\u2028<span style=\"font-family: Calibri, sans-serif;\">Per questo oggi vogliono far sentire la loro voce. Desiderano sensibilizzare l&#8217;opinione pubblica e, soprattutto, i pediatri, affinch\u00e9 la crescita dei bambini non venga mai sottovalutata. La crescita, infatti, \u00e8 uno dei pi\u00f9 importanti indicatori dello stato di salute di un bambino.<\/span><\/span><\/p>\n<p align=\"JUSTIFY\"><span style=\"color: #000000; font-size: 18px;\"><span style=\"font-family: Calibri, sans-serif;\"><b>BUONA CRESCITA equivale a BUONA SALUTE<\/b><\/span><\/span><\/p>\n<p align=\"JUSTIFY\"><span style=\"color: #000000; font-size: 18px;\"><span style=\"font-family: Calibri, sans-serif;\">Se la crescita risulta scarsa o non adeguata all\u2019et\u00e0 del bambino bisogna intervenire subito con approfondimenti dallo specialista endocrinologo pediatra che potr\u00e0 rassicurare il genitore \u2013 se tutto \u00e8 nella norma \u2013 oppure iniziare una terapia di supporto. <\/span><\/span><\/p>\n<p align=\"JUSTIFY\"><span style=\"color: #000000; font-size: 18px;\"><span style=\"font-family: Calibri, sans-serif;\">Prima si agisce meglio \u00e8 per tutti, per il bambino e per l\u2019intera famiglia, perch\u00e9 quando c\u2019\u00e8 un problema tutta la famiglia ne risente.<\/span><\/span><\/p>\n<p align=\"JUSTIFY\"><span style=\"color: #000000; font-size: 18px;\"><span style=\"font-family: Calibri, sans-serif;\">Anche quest&#8217;anno la campagna si svilupper\u00e0 sui canali social di AFaDOC Facebook, Linkedin, Instagram, YouTube e X a partire dall\u2019ultima settimana di agosto fino a tutto settembre, con le domande pi\u00f9 frequenti che ricevono risposte nella rubrica \u201cL\u2019esperto risponde\u201d del nostro sito web afadoc.it <\/span><\/span><\/p>\n<p align=\"JUSTIFY\"><span style=\"color: #000000; font-size: 18px;\"><span style=\"font-family: Calibri, sans-serif;\">L\u2019apice della campagna sar\u00e0 alla sua chiusura il <strong>21 settembre<\/strong> con il webinar gratuito su Zoom dalle 14:30 alle 16:30 rivolto a tutta la cittadinanza, alle famiglie, agli insegnanti e ai pediatri di famiglia.<\/span><\/span><\/p>\n<p align=\"JUSTIFY\"><span style=\"font-size: 18px;\"><span style=\"color: #000000;\"><span style=\"font-family: Calibri, sans-serif;\">L&#8217;evento assegner\u00e0 inoltre <\/span><\/span><strong><span style=\"color: #000000;\"><span style=\"font-family: Calibri, sans-serif;\">3 crediti ECM<\/span><\/span><\/strong><span style=\"color: #000000;\"><span style=\"font-family: Calibri, sans-serif;\"> ai professionisti sanitari (medici di medicina generale, pediatri di libera scelta, infermieri, psicologi, endocrinologi e altre figure professionali) e sar\u00e0 dedicato al tema: <\/span><\/span><\/span><\/p>\n<p align=\"JUSTIFY\"><span style=\"font-size: 18px;\"><strong><span style=\"color: #000000;\"><span style=\"font-family: Calibri, sans-serif;\">L&#8217;IMPORTANZA DELLA CRESCITA DEI BAMBINI, Focus su bambini SGA e bassa statura idiopatica<\/span><\/span><\/strong><span style=\"color: #000000;\"><span style=\"font-family: Calibri, sans-serif;\">, due problematiche silenti che meritano maggior attenzione. <\/span><\/span><\/span><\/p>\n<p align=\"JUSTIFY\"><span style=\"font-size: 18px;\"><span style=\"color: #000000;\"><span style=\"font-family: Calibri, sans-serif;\">Vi aspettiamo numerosi sui nostri canali social e il <\/span><\/span><strong><span style=\"color: #000000;\"><span style=\"font-family: Calibri, sans-serif;\">21 settembre<\/span><\/span><\/strong><span style=\"color: #000000;\"><span style=\"font-family: Calibri, sans-serif;\"> al webinar di approfondimento (<em><strong><a href=\"https:\/\/ecm4educational.it\/event\/426\/showCard\">qui per iscriversi<\/a><\/strong><\/em>).<\/span><\/span><\/span><\/p>\n<p>&nbsp;<\/p>\n<p style=\"text-align: center;\"><span style=\"font-family: Arial, serif; font-size: 21px;\"><strong>E la domanda che tutti i genitori dovrebbero sempre farsi \u00e8:<br \/>\n<span style=\"color: #52b86c; font-size: 36px;\">mio figlio cresce regolarmente?<\/span><\/strong> <\/span><\/p>\n<p>[\/vc_column_text][\/vc_column][\/vc_row]<\/p>\n","protected":false},"excerpt":{"rendered":"[vc_row][vc_column][vc_row_inner][vc_column_inner][vc_single_image image=&#8221;12818&#8243; img_size=&#8221;full&#8221; alignment=&#8221;center&#8221;][\/vc_column_inner][\/vc_row_inner][vc_column_text] VOGLIO FAR SENTIRE LA MIA VOCE. GUARDAMI! \u00c8 questo il messaggio che i ragazzi di AFaDOC lanciano nel video che accompagna la Campagna di sensibilizzazione sulla crescita dei bambini 2026. Ognuno di loro esprime quello che conta per se stesso pi\u00f9 della propria altezza, mettendo cos\u00ec in risalto che nonostante tutto &#8230;","protected":false},"author":1,"featured_media":12820,"parent":4784,"menu_order":0,"comment_status":"closed","ping_status":"closed","template":"","meta":[],"aioseo_notices":[],"aioseo_head":"\n\t\t<!-- All in One SEO 5.0.0.1 - aioseo.com -->\n\t<meta name=\"description\" content=\"VOGLIO FAR SENTIRE LA MIA VOCE. GUARDAMI! \u00c8 questo il messaggio che i ragazzi di AFaDOC lanciano nel video che accompagna la Campagna di sensibilizzazione sulla crescita dei bambini 2026. Ognuno di loro esprime quello che conta per se stesso pi\u00f9 della propria altezza, mettendo cos\u00ec in risalto che nonostante tutto le cose importanti nella\" \/>\n\t<meta name=\"robots\" content=\"max-image-preview:large\" \/>\n\t<link rel=\"canonical\" href=\"https:\/\/www.afadoc.it\/wp22\/?page_id=12817\" \/>\n\t<meta name=\"generator\" content=\"All in One SEO (AIOSEO) 5.0.0.1\" \/>\n\t\t<meta property=\"og:locale\" content=\"it_IT\" \/>\n\t\t<meta property=\"og:site_name\" content=\"A.Fa.D.O.C. odv\" \/>\n\t\t<meta property=\"og:type\" content=\"article\" \/>\n\t\t<meta property=\"og:title\" content=\"TUO FIGLIO CRESCE REGOLARMENTE? SCOPRILO! \u2013 CAMPAGNA 2026 | A.Fa.D.O.C. aps\" \/>\n\t\t<meta property=\"og:description\" content=\"VOGLIO FAR SENTIRE LA MIA VOCE. GUARDAMI! \u00c8 questo il messaggio che i ragazzi di AFaDOC lanciano nel video che accompagna la Campagna di sensibilizzazione sulla crescita dei bambini 2026. Ognuno di loro esprime quello che conta per se stesso pi\u00f9 della propria altezza, mettendo cos\u00ec in risalto che nonostante tutto le cose importanti nella\" \/>\n\t\t<meta property=\"og:url\" content=\"https:\/\/www.afadoc.it\/wp22\/?page_id=12817\" \/>\n\t\t<meta property=\"og:image\" content=\"https:\/\/www.afadoc.it\/wp22\/wp-content\/uploads\/2026\/08\/0.jpg\" \/>\n\t\t<meta property=\"og:image:secure_url\" content=\"https:\/\/www.afadoc.it\/wp22\/wp-content\/uploads\/2026\/08\/0.jpg\" \/>\n\t\t<meta property=\"og:image:width\" content=\"1200\" \/>\n\t\t<meta property=\"og:image:height\" content=\"1200\" \/>\n\t\t<meta property=\"article:published_time\" content=\"2026-08-05T09:36:50+00:00\" \/>\n\t\t<meta property=\"article:modified_time\" content=\"2026-08-25T07:06:43+00:00\" \/>\n\t\t<meta property=\"article:publisher\" content=\"https:\/\/www.facebook.com\/afadoc\/\" \/>\n\t\t<meta name=\"twitter:card\" content=\"summary\" \/>\n\t\t<meta name=\"twitter:site\" content=\"@AfadocOnlus\" \/>\n\t\t<meta name=\"twitter:title\" content=\"TUO FIGLIO CRESCE REGOLARMENTE? SCOPRILO! \u2013 CAMPAGNA 2026 | A.Fa.D.O.C. aps\" \/>\n\t\t<meta name=\"twitter:description\" content=\"VOGLIO FAR SENTIRE LA MIA VOCE. GUARDAMI! \u00c8 questo il messaggio che i ragazzi di AFaDOC lanciano nel video che accompagna la Campagna di sensibilizzazione sulla crescita dei bambini 2026. Ognuno di loro esprime quello che conta per se stesso pi\u00f9 della propria altezza, mettendo cos\u00ec in risalto che nonostante tutto le cose importanti nella\" \/>\n\t\t<meta name=\"twitter:creator\" content=\"@AfadocOnlus\" \/>\n\t\t<meta name=\"twitter:image\" content=\"https:\/\/www.afadoc.it\/wp22\/wp-content\/uploads\/2026\/08\/0.jpg\" \/>\n\t\t<script type=\"application\/ld+json\" class=\"aioseo-schema\">\n\t\t\t{\"@context\":\"https:\\\/\\\/schema.org\",\"@graph\":[{\"@type\":\"BreadcrumbList\",\"@id\":\"https:\\\/\\\/www.afadoc.it\\\/wp22\\\/?page_id=12817#breadcrumblist\",\"itemListElement\":[{\"@type\":\"ListItem\",\"@id\":\"https:\\\/\\\/www.afadoc.it\\\/wp22#listItem\",\"position\":1,\"name\":\"Home\",\"item\":\"https:\\\/\\\/www.afadoc.it\\\/wp22\",\"nextItem\":{\"@type\":\"ListItem\",\"@id\":\"https:\\\/\\\/www.afadoc.it\\\/wp22\\\/?page_id=4784#listItem\",\"name\":\"ICOSEP\"}},{\"@type\":\"ListItem\",\"@id\":\"https:\\\/\\\/www.afadoc.it\\\/wp22\\\/?page_id=4784#listItem\",\"position\":2,\"name\":\"ICOSEP\",\"item\":\"https:\\\/\\\/www.afadoc.it\\\/wp22\\\/?page_id=4784\",\"nextItem\":{\"@type\":\"ListItem\",\"@id\":\"https:\\\/\\\/www.afadoc.it\\\/wp22\\\/?page_id=12817#listItem\",\"name\":\"TUO FIGLIO CRESCE REGOLARMENTE? SCOPRILO! &#8211; CAMPAGNA 2026\"},\"previousItem\":{\"@type\":\"ListItem\",\"@id\":\"https:\\\/\\\/www.afadoc.it\\\/wp22#listItem\",\"name\":\"Home\"}},{\"@type\":\"ListItem\",\"@id\":\"https:\\\/\\\/www.afadoc.it\\\/wp22\\\/?page_id=12817#listItem\",\"position\":3,\"name\":\"TUO FIGLIO CRESCE REGOLARMENTE? SCOPRILO! &#8211; CAMPAGNA 2026\",\"previousItem\":{\"@type\":\"ListItem\",\"@id\":\"https:\\\/\\\/www.afadoc.it\\\/wp22\\\/?page_id=4784#listItem\",\"name\":\"ICOSEP\"}}]},{\"@type\":\"Organization\",\"@id\":\"https:\\\/\\\/www.afadoc.it\\\/wp22\\\/#organization\",\"name\":\"Associazione di famiglie di soggetti con deficit Ormone della Crescita e altre patologie Rare\",\"description\":\"Associazione Famiglie Deficit Ormone della Crescita ed altre patologie rare\",\"url\":\"https:\\\/\\\/www.afadoc.it\\\/wp22\\\/\",\"telephone\":\"+390444301570\",\"logo\":{\"@type\":\"ImageObject\",\"url\":\"https:\\\/\\\/www.afadoc.it\\\/wp\\\/wp-content\\\/uploads\\\/2021\\\/07\\\/Schermata-2021-07-12-alle-15.41.02.jpg\",\"@id\":\"https:\\\/\\\/www.afadoc.it\\\/wp22\\\/?page_id=12817\\\/#organizationLogo\"},\"image\":{\"@id\":\"https:\\\/\\\/www.afadoc.it\\\/wp22\\\/?page_id=12817\\\/#organizationLogo\"},\"sameAs\":[\"https:\\\/\\\/www.facebook.com\\\/afadoc\\\/\",\"https:\\\/\\\/twitter.com\\\/AfadocOnlus\",\"https:\\\/\\\/www.instagram.com\\\/associazioneafadoc\\\/\",\"https:\\\/\\\/www.youtube.com\\\/user\\\/afadoctv\",\"https:\\\/\\\/www.linkedin.com\\\/in\\\/afadoc\\\/\"]},{\"@type\":\"WebPage\",\"@id\":\"https:\\\/\\\/www.afadoc.it\\\/wp22\\\/?page_id=12817#webpage\",\"url\":\"https:\\\/\\\/www.afadoc.it\\\/wp22\\\/?page_id=12817\",\"name\":\"TUO FIGLIO CRESCE REGOLARMENTE? SCOPRILO! \\u2013 CAMPAGNA 2026 | A.Fa.D.O.C. aps\",\"description\":\"VOGLIO FAR SENTIRE LA MIA VOCE. GUARDAMI! \\u00c8 questo il messaggio che i ragazzi di AFaDOC lanciano nel video che accompagna la Campagna di sensibilizzazione sulla crescita dei bambini 2026. Ognuno di loro esprime quello che conta per se stesso pi\\u00f9 della propria altezza, mettendo cos\\u00ec in risalto che nonostante tutto le cose importanti nella\",\"inLanguage\":\"it-IT\",\"isPartOf\":{\"@id\":\"https:\\\/\\\/www.afadoc.it\\\/wp22\\\/#website\"},\"breadcrumb\":{\"@id\":\"https:\\\/\\\/www.afadoc.it\\\/wp22\\\/?page_id=12817#breadcrumblist\"},\"image\":{\"@type\":\"ImageObject\",\"url\":\"https:\\\/\\\/www.afadoc.it\\\/wp22\\\/wp-content\\\/uploads\\\/2026\\\/08\\\/0.jpg\",\"@id\":\"https:\\\/\\\/www.afadoc.it\\\/wp22\\\/?page_id=12817\\\/#mainImage\",\"width\":1200,\"height\":1200},\"primaryImageOfPage\":{\"@id\":\"https:\\\/\\\/www.afadoc.it\\\/wp22\\\/?page_id=12817#mainImage\"},\"datePublished\":\"2026-08-05T11:36:50+02:00\",\"dateModified\":\"2026-08-25T09:06:43+02:00\"},{\"@type\":\"WebSite\",\"@id\":\"https:\\\/\\\/www.afadoc.it\\\/wp22\\\/#website\",\"url\":\"https:\\\/\\\/www.afadoc.it\\\/wp22\\\/\",\"name\":\"A.Fa.D.O.C. odv\",\"description\":\"Associazione Famiglie Deficit Ormone della Crescita ed altre patologie rare\",\"inLanguage\":\"it-IT\",\"publisher\":{\"@id\":\"https:\\\/\\\/www.afadoc.it\\\/wp22\\\/#organization\"}}]}\n\t\t<\/script>\n\t\t<!-- All in One SEO -->\n\n","aioseo_head_json":{"title":"TUO FIGLIO CRESCE REGOLARMENTE? SCOPRILO! \u2013 CAMPAGNA 2026 | A.Fa.D.O.C. aps","description":"VOGLIO FAR SENTIRE LA MIA VOCE. GUARDAMI! \u00c8 questo il messaggio che i ragazzi di AFaDOC lanciano nel video che accompagna la Campagna di sensibilizzazione sulla crescita dei bambini 2026. Ognuno di loro esprime quello che conta per se stesso pi\u00f9 della propria altezza, mettendo cos\u00ec in risalto che nonostante tutto le cose importanti nella","canonical_url":"https:\/\/www.afadoc.it\/wp22\/?page_id=12817","robots":"max-image-preview:large","keywords":"","webmasterTools":{"miscellaneous":""},"schema":{"@context":"https:\/\/schema.org","@graph":[{"@type":"BreadcrumbList","@id":"https:\/\/www.afadoc.it\/wp22\/?page_id=12817#breadcrumblist","itemListElement":[{"@type":"ListItem","@id":"https:\/\/www.afadoc.it\/wp22#listItem","position":1,"name":"Home","item":"https:\/\/www.afadoc.it\/wp22","nextItem":{"@type":"ListItem","@id":"https:\/\/www.afadoc.it\/wp22\/?page_id=4784#listItem","name":"ICOSEP"}},{"@type":"ListItem","@id":"https:\/\/www.afadoc.it\/wp22\/?page_id=4784#listItem","position":2,"name":"ICOSEP","item":"https:\/\/www.afadoc.it\/wp22\/?page_id=4784","nextItem":{"@type":"ListItem","@id":"https:\/\/www.afadoc.it\/wp22\/?page_id=12817#listItem","name":"TUO FIGLIO CRESCE REGOLARMENTE? SCOPRILO! &#8211; CAMPAGNA 2026"},"previousItem":{"@type":"ListItem","@id":"https:\/\/www.afadoc.it\/wp22#listItem","name":"Home"}},{"@type":"ListItem","@id":"https:\/\/www.afadoc.it\/wp22\/?page_id=12817#listItem","position":3,"name":"TUO FIGLIO CRESCE REGOLARMENTE? SCOPRILO! &#8211; CAMPAGNA 2026","previousItem":{"@type":"ListItem","@id":"https:\/\/www.afadoc.it\/wp22\/?page_id=4784#listItem","name":"ICOSEP"}}]},{"@type":"Organization","@id":"https:\/\/www.afadoc.it\/wp22\/#organization","name":"Associazione di famiglie di soggetti con deficit Ormone della Crescita e altre patologie Rare","description":"Associazione Famiglie Deficit Ormone della Crescita ed altre patologie rare","url":"https:\/\/www.afadoc.it\/wp22\/","telephone":"+390444301570","logo":{"@type":"ImageObject","url":"https:\/\/www.afadoc.it\/wp\/wp-content\/uploads\/2021\/07\/Schermata-2021-07-12-alle-15.41.02.jpg","@id":"https:\/\/www.afadoc.it\/wp22\/?page_id=12817\/#organizationLogo"},"image":{"@id":"https:\/\/www.afadoc.it\/wp22\/?page_id=12817\/#organizationLogo"},"sameAs":["https:\/\/www.facebook.com\/afadoc\/","https:\/\/twitter.com\/AfadocOnlus","https:\/\/www.instagram.com\/associazioneafadoc\/","https:\/\/www.youtube.com\/user\/afadoctv","https:\/\/www.linkedin.com\/in\/afadoc\/"]},{"@type":"WebPage","@id":"https:\/\/www.afadoc.it\/wp22\/?page_id=12817#webpage","url":"https:\/\/www.afadoc.it\/wp22\/?page_id=12817","name":"TUO FIGLIO CRESCE REGOLARMENTE? SCOPRILO! \u2013 CAMPAGNA 2026 | A.Fa.D.O.C. aps","description":"VOGLIO FAR SENTIRE LA MIA VOCE. GUARDAMI! \u00c8 questo il messaggio che i ragazzi di AFaDOC lanciano nel video che accompagna la Campagna di sensibilizzazione sulla crescita dei bambini 2026. Ognuno di loro esprime quello che conta per se stesso pi\u00f9 della propria altezza, mettendo cos\u00ec in risalto che nonostante tutto le cose importanti nella","inLanguage":"it-IT","isPartOf":{"@id":"https:\/\/www.afadoc.it\/wp22\/#website"},"breadcrumb":{"@id":"https:\/\/www.afadoc.it\/wp22\/?page_id=12817#breadcrumblist"},"image":{"@type":"ImageObject","url":"https:\/\/www.afadoc.it\/wp22\/wp-content\/uploads\/2026\/08\/0.jpg","@id":"https:\/\/www.afadoc.it\/wp22\/?page_id=12817\/#mainImage","width":1200,"height":1200},"primaryImageOfPage":{"@id":"https:\/\/www.afadoc.it\/wp22\/?page_id=12817#mainImage"},"datePublished":"2026-08-05T11:36:50+02:00","dateModified":"2026-08-25T09:06:43+02:00"},{"@type":"WebSite","@id":"https:\/\/www.afadoc.it\/wp22\/#website","url":"https:\/\/www.afadoc.it\/wp22\/","name":"A.Fa.D.O.C. odv","description":"Associazione Famiglie Deficit Ormone della Crescita ed altre patologie rare","inLanguage":"it-IT","publisher":{"@id":"https:\/\/www.afadoc.it\/wp22\/#organization"}}]},"og:locale":"it_IT","og:site_name":"A.Fa.D.O.C. odv","og:type":"article","og:title":"TUO FIGLIO CRESCE REGOLARMENTE? SCOPRILO! \u2013 CAMPAGNA 2026 | A.Fa.D.O.C. aps","og:description":"VOGLIO FAR SENTIRE LA MIA VOCE. GUARDAMI! \u00c8 questo il messaggio che i ragazzi di AFaDOC lanciano nel video che accompagna la Campagna di sensibilizzazione sulla crescita dei bambini 2026. Ognuno di loro esprime quello che conta per se stesso pi\u00f9 della propria altezza, mettendo cos\u00ec in risalto che nonostante tutto le cose importanti nella","og:url":"https:\/\/www.afadoc.it\/wp22\/?page_id=12817","og:image":"https:\/\/www.afadoc.it\/wp22\/wp-content\/uploads\/2026\/08\/0.jpg","og:image:secure_url":"https:\/\/www.afadoc.it\/wp22\/wp-content\/uploads\/2026\/08\/0.jpg","og:image:width":1200,"og:image:height":1200,"article:published_time":"2026-08-05T09:36:50+00:00","article:modified_time":"2026-08-25T07:06:43+00:00","article:publisher":"https:\/\/www.facebook.com\/afadoc\/","twitter:card":"summary","twitter:site":"@AfadocOnlus","twitter:title":"TUO FIGLIO CRESCE REGOLARMENTE? SCOPRILO! \u2013 CAMPAGNA 2026 | A.Fa.D.O.C. aps","twitter:description":"VOGLIO FAR SENTIRE LA MIA VOCE. GUARDAMI! \u00c8 questo il messaggio che i ragazzi di AFaDOC lanciano nel video che accompagna la Campagna di sensibilizzazione sulla crescita dei bambini 2026. Ognuno di loro esprime quello che conta per se stesso pi\u00f9 della propria altezza, mettendo cos\u00ec in risalto che nonostante tutto le cose importanti nella","twitter:creator":"@AfadocOnlus","twitter:image":"https:\/\/www.afadoc.it\/wp22\/wp-content\/uploads\/2026\/08\/0.jpg"},"aioseo_meta_data":{"post_id":"12817","title":null,"description":null,"keywords":null,"keyphrases":{"focus":{"keyphrase":"","score":0,"analysis":{"keyphraseInTitle":{"score":0,"maxScore":9,"error":1}}},"additional":[]},"primary_term":null,"canonical_url":null,"og_title":null,"og_description":null,"og_object_type":"default","og_image_type":"default","og_image_url":null,"og_image_width":null,"og_image_height":null,"og_image_custom_url":null,"og_image_custom_fields":null,"og_video":"","og_custom_url":null,"og_article_section":null,"og_article_tags":null,"twitter_use_og":false,"twitter_card":"default","twitter_image_type":"default","twitter_image_url":null,"twitter_image_custom_url":null,"twitter_image_custom_fields":null,"twitter_title":null,"twitter_description":null,"schema":{"blockGraphs":[],"customGraphs":[],"default":{"data":{"Article":[],"Course":[],"Dataset":[],"FAQPage":[],"Movie":[],"Person":[],"Product":[],"ProductReview":[],"Car":[],"Recipe":[],"Service":[],"SoftwareApplication":[],"WebPage":[]},"graphName":"WebPage","isEnabled":true},"graphs":[]},"schema_type":"default","schema_type_options":null,"pillar_content":false,"robots_default":true,"robots_noindex":false,"robots_noarchive":false,"robots_nosnippet":false,"robots_nofollow":false,"robots_noimageindex":false,"robots_noodp":false,"robots_notranslate":false,"robots_max_snippet":"-1","robots_max_videopreview":"-1","robots_max_imagepreview":"large","priority":null,"frequency":"default","location":null,"local_seo":null,"breadcrumb_settings":null,"limit_modified_date":false,"ai":{"faqs":[],"keyPoints":[],"schemas":[],"titles":[],"descriptions":[],"socialPosts":{"email":{"subject":"","preview":"","content":""},"linkedin":[],"twitter":[],"facebook":[],"instagram":[]}},"created":"2026-08-05 08:47:09","updated":"2026-08-25 07:06:43","seo_analyzer_scan_date":null,"focus_keyword":null,"additional_keywords":null,"truseo_locale":null},"_links":{"self":[{"href":"https:\/\/www.afadoc.it\/wp22\/index.php?rest_route=\/wp\/v2\/pages\/12817"}],"collection":[{"href":"https:\/\/www.afadoc.it\/wp22\/index.php?rest_route=\/wp\/v2\/pages"}],"about":[{"href":"https:\/\/www.afadoc.it\/wp22\/index.php?rest_route=\/wp\/v2\/types\/page"}],"author":[{"embeddable":true,"href":"https:\/\/www.afadoc.it\/wp22\/index.php?rest_route=\/wp\/v2\/users\/1"}],"replies":[{"embeddable":true,"href":"https:\/\/www.afadoc.it\/wp22\/index.php?rest_route=%2Fwp%2Fv2%2Fcomments&post=12817"}],"version-history":[{"count":6,"href":"https:\/\/www.afadoc.it\/wp22\/index.php?rest_route=\/wp\/v2\/pages\/12817\/revisions"}],"predecessor-version":[{"id":12854,"href":"https:\/\/www.afadoc.it\/wp22\/index.php?rest_route=\/wp\/v2\/pages\/12817\/revisions\/12854"}],"up":[{"embeddable":true,"href":"https:\/\/www.afadoc.it\/wp22\/index.php?rest_route=\/wp\/v2\/pages\/4784"}],"wp:featuredmedia":[{"embeddable":true,"href":"https:\/\/www.afadoc.it\/wp22\/index.php?rest_route=\/wp\/v2\/media\/12820"}],"wp:attachment":[{"href":"https:\/\/www.afadoc.it\/wp22\/index.php?rest_route=%2Fwp%2Fv2%2Fmedia&parent=12817"}],"curies":[{"name":"wp","href":"https:\/\/api.w.org\/{rel}","templated":true}]}}